{"id":11499,"date":"2022-05-17T13:34:14","date_gmt":"2022-05-17T11:34:14","guid":{"rendered":"https:\/\/www.ertex-solar.at\/?page_id=11499"},"modified":"2024-10-09T10:39:46","modified_gmt":"2024-10-09T08:39:46","slug":"facade-ventilee","status":"publish","type":"page","link":"https:\/\/www.ertex-solar.at\/fr\/notre-offre\/facade-ventilee\/","title":{"rendered":"Fa\u00e7ade ventil\u00e9e"},"content":{"rendered":"<p><div class=\"fusion-fullwidth fullwidth-box fusion-builder-row-1 fusion-flex-container nonhundred-percent-fullwidth non-hundred-percent-height-scrolling\" style=\"--awb-border-radius-top-left:0px;--awb-border-radius-top-right:0px;--awb-border-radius-bottom-right:0px;--awb-border-radius-bottom-left:0px;--awb-flex-wrap:wrap;\" ><div class=\"fusion-builder-row fusion-row fusion-flex-align-items-flex-start fusion-flex-content-wrap\" style=\"max-width:1216.8px;margin-left: calc(-4% \/ 2 );margin-right: calc(-4% \/ 2 );\"><div class=\"fusion-layout-column fusion_builder_column fusion-builder-column-0 fusion_builder_column_1_1 1_1 fusion-flex-column\" style=\"--awb-bg-size:cover;--awb-width-large:100%;--awb-margin-top-large:0px;--awb-spacing-right-large:1.92%;--awb-margin-bottom-large:0px;--awb-spacing-left-large:1.92%;--awb-width-medium:100%;--awb-order-medium:0;--awb-spacing-right-medium:1.92%;--awb-spacing-left-medium:1.92%;--awb-width-small:100%;--awb-order-small:0;--awb-spacing-right-small:1.92%;--awb-spacing-left-small:1.92%;\"><div class=\"fusion-column-wrapper fusion-column-has-shadow fusion-flex-justify-content-flex-start fusion-content-layout-column\"><div class=\"fusion-title title fusion-title-1 fusion-sep-none fusion-title-center fusion-title-text fusion-title-size-one\" style=\"--awb-margin-top-small:0px;--awb-margin-right-small:0px;--awb-margin-bottom-small:20px;--awb-margin-left-small:0px;--awb-sep-color:var(--awb-color1);\"><h1 class=\"fusion-title-heading title-heading-center fusion-responsive-typography-calculated\" style=\"margin:0;--fontSize:40;line-height:0.88;\"><strong>Fa\u00e7ades ventil\u00e9es avec modules solaires int\u00e9gr\u00e9s<\/strong><\/h1><\/div><div class=\"fusion-title title fusion-title-2 fusion-sep-none fusion-title-center fusion-title-text fusion-title-size-two\" style=\"--awb-margin-top-small:0px;--awb-margin-right-small:0px;--awb-margin-bottom-small:20px;--awb-margin-left-small:0px;--awb-sep-color:var(--awb-color1);\"><h2 class=\"fusion-title-heading title-heading-center fusion-responsive-typography-calculated\" style=\"margin:0;--fontSize:30;line-height:1.17;\"><p><strong>L\u2019enveloppe g\u00e9n\u00e9ratrice d\u2019\u00e9nergie pour votre b\u00e2timent<\/strong><\/p>\n<p style=\"text-align: center\">\n<!-- notionvc: 806e4663-846a-4121-9dfb-67a1a58c5a3a --><\/p><\/h2><\/div><div class=\"fusion-separator fusion-full-width-sep\" style=\"align-self: center;margin-left: auto;margin-right: auto;margin-top:10px;width:100%;\"><\/div><div class=\"fusion-text fusion-text-1\"><p>Les fa\u00e7ades ventil\u00e9es offrent une large gamme d\u2019applications et constituent une solution moderne pour des enveloppes de b\u00e2timents durables et esth\u00e9tiques. En int\u00e9grant des modules solaires, la fa\u00e7ade n&rsquo;est pas seulement utilis\u00e9e pour la protection, mais aussi pour la production d&rsquo;\u00e9nergie. Le vitrage de fa\u00e7ade avec modules photovolta\u00efques int\u00e9gr\u00e9s peut \u00eatre r\u00e9alis\u00e9 ind\u00e9pendamment de la structure porteuse. Celui-ci est mont\u00e9 sur une sous-structure appropri\u00e9e.<\/p>\n<\/div><div class=\"fusion-text fusion-text-2\"><h3><strong>Options de conceptions color\u00e9es<\/strong><\/h3>\n<p>Nos solutions consistent en un verre feuillet\u00e9 de s\u00e9curit\u00e9 dans lequel des \u00e9l\u00e9ments photovolta\u00efques sont int\u00e9gr\u00e9s. Ils r\u00e9pondent aux m\u00eames normes que le verre feuillet\u00e9 de s\u00e9curit\u00e9 dans l&rsquo;industrie de la construction. Les solutions peuvent donc \u00eatre int\u00e9gr\u00e9es \u00e0 toute surface de l&rsquo;enveloppe du b\u00e2timent. La r\u00e9alisation de variantes color\u00e9es est rendue possible gr\u00e2ce \u00e0 l&rsquo;utilisation de cellules color\u00e9es, de films color\u00e9s, de verre color\u00e9 ou de verre imprim\u00e9.<\/p>\n<\/div><div class=\"fusion-separator fusion-full-width-sep\" style=\"align-self: center;margin-left: auto;margin-right: auto;margin-top:20px;width:100%;\"><\/div><\/div><\/div><\/div><\/div><div class=\"fusion-fullwidth fullwidth-box fusion-builder-row-2 fusion-flex-container nonhundred-percent-fullwidth non-hundred-percent-height-scrolling\" style=\"--awb-border-radius-top-left:0px;--awb-border-radius-top-right:0px;--awb-border-radius-bottom-right:0px;--awb-border-radius-bottom-left:0px;--awb-flex-wrap:wrap;\" ><div class=\"fusion-builder-row fusion-row fusion-flex-align-items-flex-start fusion-flex-content-wrap\" style=\"max-width:1216.8px;margin-left: calc(-4% \/ 2 );margin-right: calc(-4% \/ 2 );\"><div class=\"fusion-layout-column fusion_builder_column fusion-builder-column-1 fusion_builder_column_1_2 1_2 fusion-flex-column\" style=\"--awb-bg-size:cover;--awb-width-large:50%;--awb-margin-top-large:0px;--awb-spacing-right-large:3.84%;--awb-margin-bottom-large:0px;--awb-spacing-left-large:3.84%;--awb-width-medium:100%;--awb-order-medium:0;--awb-spacing-right-medium:1.92%;--awb-spacing-left-medium:1.92%;--awb-width-small:100%;--awb-order-small:0;--awb-spacing-right-small:1.92%;--awb-spacing-left-small:1.92%;\"><div class=\"fusion-column-wrapper fusion-column-has-shadow fusion-flex-justify-content-flex-start fusion-content-layout-column\"><div class=\"fusion-image-element \" style=\"text-align:center;--awb-caption-title-font-family:var(--h2_typography-font-family);--awb-caption-title-font-weight:var(--h2_typography-font-weight);--awb-caption-title-font-style:var(--h2_typography-font-style);--awb-caption-title-size:var(--h2_typography-font-size);--awb-caption-title-transform:var(--h2_typography-text-transform);--awb-caption-title-line-height:var(--h2_typography-line-height);--awb-caption-title-letter-spacing:var(--h2_typography-letter-spacing);\"><span class=\" fusion-imageframe imageframe-none imageframe-1 hover-type-none\"><img decoding=\"async\" width=\"1024\" height=\"768\" src=\"https:\/\/www.ertex-solar.at\/wp-content\/uploads\/sites\/4\/2023\/10\/Coop-Mellingestrasse.jpg\" data-orig-src=\"https:\/\/www.ertex-solar.at\/wp-content\/uploads\/sites\/4\/2023\/10\/Coop-Mellingestrasse-1024x768.jpg\" alt class=\"lazyload img-responsive wp-image-14581\" srcset=\"data:image\/svg+xml,%3Csvg%20xmlns%3D%27http%3A%2F%2Fwww.w3.org%2F2000%2Fsvg%27%20width%3D%272016%27%20height%3D%271512%27%20viewBox%3D%270%200%202016%201512%27%3E%3Crect%20width%3D%272016%27%20height%3D%271512%27%20fill-opacity%3D%220%22%2F%3E%3C%2Fsvg%3E\" data-srcset=\"https:\/\/www.ertex-solar.at\/wp-content\/uploads\/sites\/4\/2023\/10\/Coop-Mellingestrasse-200x150.jpg 200w, https:\/\/www.ertex-solar.at\/wp-content\/uploads\/sites\/4\/2023\/10\/Coop-Mellingestrasse-400x300.jpg 400w, https:\/\/www.ertex-solar.at\/wp-content\/uploads\/sites\/4\/2023\/10\/Coop-Mellingestrasse-600x450.jpg 600w, https:\/\/www.ertex-solar.at\/wp-content\/uploads\/sites\/4\/2023\/10\/Coop-Mellingestrasse-800x600.jpg 800w, https:\/\/www.ertex-solar.at\/wp-content\/uploads\/sites\/4\/2023\/10\/Coop-Mellingestrasse-1200x900.jpg 1200w\" data-sizes=\"auto\" data-orig-sizes=\"(max-width: 1024px) 100vw, (max-width: 640px) 100vw, 600px\" \/><\/span><\/div><div class=\"fusion-separator fusion-no-medium-visibility fusion-no-large-visibility fusion-full-width-sep\" style=\"align-self: center;margin-left: auto;margin-right: auto;margin-top:20px;margin-bottom:20px;width:100%;\"><\/div><\/div><\/div><div class=\"fusion-layout-column fusion_builder_column fusion-builder-column-2 fusion_builder_column_1_2 1_2 fusion-flex-column\" style=\"--awb-bg-size:cover;--awb-width-large:50%;--awb-margin-top-large:0px;--awb-spacing-right-large:3.84%;--awb-margin-bottom-large:0px;--awb-spacing-left-large:3.84%;--awb-width-medium:100%;--awb-order-medium:0;--awb-spacing-right-medium:1.92%;--awb-spacing-left-medium:1.92%;--awb-width-small:100%;--awb-order-small:0;--awb-spacing-right-small:1.92%;--awb-spacing-left-small:1.92%;\"><div class=\"fusion-column-wrapper fusion-column-has-shadow fusion-flex-justify-content-flex-start fusion-content-layout-column\"><div class=\"fusion-image-element \" style=\"text-align:center;--awb-aspect-ratio:4 \/ 3;--awb-caption-title-font-family:var(--h2_typography-font-family);--awb-caption-title-font-weight:var(--h2_typography-font-weight);--awb-caption-title-font-style:var(--h2_typography-font-style);--awb-caption-title-size:var(--h2_typography-font-size);--awb-caption-title-transform:var(--h2_typography-text-transform);--awb-caption-title-line-height:var(--h2_typography-line-height);--awb-caption-title-letter-spacing:var(--h2_typography-letter-spacing);\"><span class=\" fusion-imageframe imageframe-none imageframe-2 hover-type-none has-aspect-ratio\"><img decoding=\"async\" width=\"1024\" height=\"683\" title=\"IMG_0069\" src=\"https:\/\/www.ertex-solar.at\/wp-content\/uploads\/sites\/4\/2022\/08\/IMG_0069-scaled.jpg\" data-orig-src=\"https:\/\/www.ertex-solar.at\/wp-content\/uploads\/sites\/4\/2022\/08\/IMG_0069-1024x683.jpg\" class=\"lazyload img-responsive wp-image-12551 img-with-aspect-ratio\" data-parent-fit=\"cover\" data-parent-container=\".fusion-image-element\" alt srcset=\"data:image\/svg+xml,%3Csvg%20xmlns%3D%27http%3A%2F%2Fwww.w3.org%2F2000%2Fsvg%27%20width%3D%272560%27%20height%3D%271707%27%20viewBox%3D%270%200%202560%201707%27%3E%3Crect%20width%3D%272560%27%20height%3D%271707%27%20fill-opacity%3D%220%22%2F%3E%3C%2Fsvg%3E\" data-srcset=\"https:\/\/www.ertex-solar.at\/wp-content\/uploads\/sites\/4\/2022\/08\/IMG_0069-200x133.jpg 200w, https:\/\/www.ertex-solar.at\/wp-content\/uploads\/sites\/4\/2022\/08\/IMG_0069-400x267.jpg 400w, https:\/\/www.ertex-solar.at\/wp-content\/uploads\/sites\/4\/2022\/08\/IMG_0069-600x400.jpg 600w, https:\/\/www.ertex-solar.at\/wp-content\/uploads\/sites\/4\/2022\/08\/IMG_0069-800x533.jpg 800w, https:\/\/www.ertex-solar.at\/wp-content\/uploads\/sites\/4\/2022\/08\/IMG_0069-1200x800.jpg 1200w\" data-sizes=\"auto\" data-orig-sizes=\"(max-width: 1024px) 100vw, (max-width: 640px) 100vw, 600px\" \/><\/span><\/div><\/div><\/div><div class=\"fusion-layout-column fusion_builder_column fusion-builder-column-3 fusion_builder_column_1_1 1_1 fusion-flex-column\" style=\"--awb-bg-color:var(--awb-color1);--awb-bg-color-hover:var(--awb-color1);--awb-bg-size:cover;--awb-width-large:100%;--awb-margin-top-large:0px;--awb-spacing-right-large:1.92%;--awb-margin-bottom-large:0px;--awb-spacing-left-large:1.92%;--awb-width-medium:100%;--awb-order-medium:0;--awb-spacing-right-medium:1.92%;--awb-spacing-left-medium:1.92%;--awb-width-small:100%;--awb-order-small:0;--awb-spacing-right-small:1.92%;--awb-spacing-left-small:1.92%;\"><div class=\"fusion-column-wrapper fusion-column-has-shadow fusion-flex-justify-content-flex-start fusion-content-layout-column\"><div class=\"fusion-separator fusion-full-width-sep\" style=\"align-self: center;margin-left: auto;margin-right: auto;margin-top:20px;margin-bottom:20px;width:100%;\"><\/div><div class=\"fusion-title title fusion-title-3 fusion-sep-none fusion-title-center fusion-title-text fusion-title-size-two\" style=\"--awb-margin-top-small:0px;--awb-margin-right-small:0px;--awb-margin-bottom-small:20px;--awb-margin-left-small:0px;--awb-sep-color:#e00000;--awb-font-size:28px;\"><h2 class=\"fusion-title-heading title-heading-center fusion-responsive-typography-calculated\" style=\"margin:0;font-size:1em;--fontSize:28;line-height:1.25;\"><p style=\"text-align: center\"><span style=\"font-size: 28pt\"><span style=\"color: #e01010\">Informations sur votre demande<\/span><\/span><\/p><\/h2><\/div><div class=\"fusion-title title fusion-title-4 fusion-sep-none fusion-title-text fusion-title-size-three\" style=\"--awb-margin-top-small:0px;--awb-margin-right-small:0px;--awb-margin-bottom-small:20px;--awb-margin-left-small:0px;\"><h3 class=\"fusion-title-heading title-heading-left fusion-responsive-typography-calculated\" style=\"margin:0;--fontSize:20;--minFontSize:20;line-height:1.5;\"><span style=\"font-size: 18pt\">Donn\u00e9es techniques:<\/span><\/h3><\/div><div class=\"fusion-image-element \" style=\"--awb-caption-title-font-family:var(--h2_typography-font-family);--awb-caption-title-font-weight:var(--h2_typography-font-weight);--awb-caption-title-font-style:var(--h2_typography-font-style);--awb-caption-title-size:var(--h2_typography-font-size);--awb-caption-title-transform:var(--h2_typography-text-transform);--awb-caption-title-line-height:var(--h2_typography-line-height);--awb-caption-title-letter-spacing:var(--h2_typography-letter-spacing);\"><span class=\" fusion-imageframe imageframe-none imageframe-3 hover-type-none\"><img decoding=\"async\" width=\"1179\" height=\"1087\" title=\"data ventilated facade\" src=\"https:\/\/www.ertex-solar.at\/wp-content\/uploads\/sites\/4\/2022\/05\/data-ventilated-facade.png\" data-orig-src=\"https:\/\/www.ertex-solar.at\/wp-content\/uploads\/sites\/4\/2022\/05\/data-ventilated-facade.png\" alt class=\"lazyload img-responsive wp-image-11677\" srcset=\"data:image\/svg+xml,%3Csvg%20xmlns%3D%27http%3A%2F%2Fwww.w3.org%2F2000%2Fsvg%27%20width%3D%271179%27%20height%3D%271087%27%20viewBox%3D%270%200%201179%201087%27%3E%3Crect%20width%3D%271179%27%20height%3D%271087%27%20fill-opacity%3D%220%22%2F%3E%3C%2Fsvg%3E\" data-srcset=\"https:\/\/www.ertex-solar.at\/wp-content\/uploads\/sites\/4\/2022\/05\/data-ventilated-facade-200x184.png 200w, https:\/\/www.ertex-solar.at\/wp-content\/uploads\/sites\/4\/2022\/05\/data-ventilated-facade-400x369.png 400w, https:\/\/www.ertex-solar.at\/wp-content\/uploads\/sites\/4\/2022\/05\/data-ventilated-facade-600x553.png 600w, https:\/\/www.ertex-solar.at\/wp-content\/uploads\/sites\/4\/2022\/05\/data-ventilated-facade-800x738.png 800w, https:\/\/www.ertex-solar.at\/wp-content\/uploads\/sites\/4\/2022\/05\/data-ventilated-facade.png 1179w\" data-sizes=\"auto\" data-orig-sizes=\"(max-width: 1024px) 100vw, (max-width: 640px) 100vw, 1179px\" \/><\/span><\/div><div class=\"fusion-separator fusion-full-width-sep\" style=\"align-self: center;margin-left: auto;margin-right: auto;margin-top:10px;margin-bottom:10px;width:100%;\"><\/div><\/div><\/div><\/div><\/div><div class=\"fusion-fullwidth fullwidth-box fusion-builder-row-3 fusion-flex-container nonhundred-percent-fullwidth non-hundred-percent-height-scrolling\" style=\"--awb-border-radius-top-left:0px;--awb-border-radius-top-right:0px;--awb-border-radius-bottom-right:0px;--awb-border-radius-bottom-left:0px;--awb-flex-wrap:wrap;\" ><div class=\"fusion-builder-row fusion-row fusion-flex-align-items-flex-start fusion-flex-content-wrap\" style=\"max-width:1216.8px;margin-left: calc(-4% \/ 2 );margin-right: calc(-4% \/ 2 );\"><div class=\"fusion-layout-column fusion_builder_column fusion-builder-column-4 fusion_builder_column_1_1 1_1 fusion-flex-column\" style=\"--awb-bg-size:cover;--awb-width-large:100%;--awb-margin-top-large:0px;--awb-spacing-right-large:1.92%;--awb-margin-bottom-large:0px;--awb-spacing-left-large:1.92%;--awb-width-medium:100%;--awb-order-medium:0;--awb-spacing-right-medium:1.92%;--awb-spacing-left-medium:1.92%;--awb-width-small:100%;--awb-order-small:0;--awb-spacing-right-small:1.92%;--awb-spacing-left-small:1.92%;\"><div class=\"fusion-column-wrapper fusion-column-has-shadow fusion-flex-justify-content-flex-start fusion-content-layout-column\"><div class=\"fusion-separator fusion-full-width-sep\" style=\"align-self: center;margin-left: auto;margin-right: auto;margin-top:10px;margin-bottom:10px;width:100%;\"><\/div><div class=\"fusion-image-element \" style=\"text-align:center;--awb-caption-title-font-family:var(--h2_typography-font-family);--awb-caption-title-font-weight:var(--h2_typography-font-weight);--awb-caption-title-font-style:var(--h2_typography-font-style);--awb-caption-title-size:var(--h2_typography-font-size);--awb-caption-title-transform:var(--h2_typography-text-transform);--awb-caption-title-line-height:var(--h2_typography-line-height);--awb-caption-title-letter-spacing:var(--h2_typography-letter-spacing);\"><span class=\" fusion-imageframe imageframe-none imageframe-4 hover-type-none\"><img decoding=\"async\" width=\"624\" height=\"255\" title=\"module sizes\" src=\"https:\/\/www.ertex-solar.at\/wp-content\/uploads\/sites\/4\/2022\/05\/module-sizes-1.png\" data-orig-src=\"https:\/\/www.ertex-solar.at\/wp-content\/uploads\/sites\/4\/2022\/05\/module-sizes-1.png\" alt class=\"lazyload img-responsive wp-image-11778\" srcset=\"data:image\/svg+xml,%3Csvg%20xmlns%3D%27http%3A%2F%2Fwww.w3.org%2F2000%2Fsvg%27%20width%3D%27624%27%20height%3D%27255%27%20viewBox%3D%270%200%20624%20255%27%3E%3Crect%20width%3D%27624%27%20height%3D%27255%27%20fill-opacity%3D%220%22%2F%3E%3C%2Fsvg%3E\" data-srcset=\"https:\/\/www.ertex-solar.at\/wp-content\/uploads\/sites\/4\/2022\/05\/module-sizes-1-200x82.png 200w, https:\/\/www.ertex-solar.at\/wp-content\/uploads\/sites\/4\/2022\/05\/module-sizes-1-400x163.png 400w, https:\/\/www.ertex-solar.at\/wp-content\/uploads\/sites\/4\/2022\/05\/module-sizes-1-600x245.png 600w, https:\/\/www.ertex-solar.at\/wp-content\/uploads\/sites\/4\/2022\/05\/module-sizes-1.png 624w\" data-sizes=\"auto\" data-orig-sizes=\"(max-width: 1024px) 100vw, (max-width: 640px) 100vw, 624px\" \/><\/span><\/div><div class=\"fusion-separator fusion-full-width-sep\" style=\"align-self: center;margin-left: auto;margin-right: auto;margin-top:20px;margin-bottom:20px;width:100%;\"><\/div><\/div><\/div><\/div><\/div>\n<div class=\"fusion-fullwidth fullwidth-box fusion-builder-row-4 fusion-flex-container nonhundred-percent-fullwidth non-hundred-percent-height-scrolling\" style=\"--awb-border-radius-top-left:0px;--awb-border-radius-top-right:0px;--awb-border-radius-bottom-right:0px;--awb-border-radius-bottom-left:0px;--awb-flex-wrap:wrap;\" ><div class=\"fusion-builder-row fusion-row fusion-flex-align-items-flex-start fusion-flex-content-wrap\" style=\"max-width:1216.8px;margin-left: calc(-4% \/ 2 );margin-right: calc(-4% \/ 2 );\"><div class=\"fusion-layout-column fusion_builder_column fusion-builder-column-5 fusion_builder_column_1_1 1_1 fusion-flex-column\" style=\"--awb-bg-color:var(--awb-color1);--awb-bg-color-hover:var(--awb-color1);--awb-bg-size:cover;--awb-width-large:100%;--awb-margin-top-large:0px;--awb-spacing-right-large:1.92%;--awb-margin-bottom-large:0px;--awb-spacing-left-large:1.92%;--awb-width-medium:100%;--awb-order-medium:0;--awb-spacing-right-medium:1.92%;--awb-spacing-left-medium:1.92%;--awb-width-small:100%;--awb-order-small:0;--awb-spacing-right-small:1.92%;--awb-spacing-left-small:1.92%;\"><div class=\"fusion-column-wrapper fusion-column-has-shadow fusion-flex-justify-content-flex-start fusion-content-layout-column\"><div class=\"fusion-title title fusion-title-5 fusion-sep-none fusion-title-center fusion-title-text fusion-title-size-two\" style=\"--awb-margin-top-small:0px;--awb-margin-right-small:0px;--awb-margin-bottom-small:20px;--awb-margin-left-small:0px;\"><h2 class=\"fusion-title-heading title-heading-center fusion-responsive-typography-calculated\" style=\"margin:0;--fontSize:30;line-height:1.17;\"><p style=\"text-align: center\"><span style=\"font-size: 28pt\">Informations sur l&rsquo;installation<\/span><\/p><\/h2><\/div><div class=\"fusion-title title fusion-title-6 fusion-sep-none fusion-title-text fusion-title-size-three\" style=\"--awb-margin-top-small:0px;--awb-margin-right-small:0px;--awb-margin-bottom-small:20px;--awb-margin-left-small:0px;\"><h3 class=\"fusion-title-heading title-heading-left fusion-responsive-typography-calculated\" style=\"margin:0;--fontSize:20;--minFontSize:20;line-height:1.5;\"><span style=\"font-size: 18pt\">Options de montage:<\/span><\/h3><\/div><div class=\"fusion-text fusion-text-3\" style=\"--awb-text-transform:none;\"><p>La sous-construction et le montage doivent \u00eatre r\u00e9alis\u00e9s par le client. Il existe plusieurs possibilit\u00e9s pour<br \/>\nmontage d&rsquo;un vitrage de fa\u00e7ade avec modules photovolta\u00efques. Voici quelques exemples :<\/p>\n<\/div><div class=\"fusion-separator fusion-full-width-sep\" style=\"align-self: center;margin-left: auto;margin-right: auto;margin-top:10px;margin-bottom:10px;width:100%;\"><\/div><\/div><\/div><\/div><\/div><div class=\"fusion-fullwidth fullwidth-box fusion-builder-row-5 fusion-flex-container nonhundred-percent-fullwidth non-hundred-percent-height-scrolling\" style=\"--awb-border-radius-top-left:0px;--awb-border-radius-top-right:0px;--awb-border-radius-bottom-right:0px;--awb-border-radius-bottom-left:0px;--awb-flex-wrap:wrap;\" ><div class=\"fusion-builder-row fusion-row fusion-flex-align-items-flex-start fusion-flex-content-wrap\" style=\"max-width:1216.8px;margin-left: calc(-4% \/ 2 );margin-right: calc(-4% \/ 2 );\"><div class=\"fusion-layout-column fusion_builder_column fusion-builder-column-6 fusion_builder_column_1_2 1_2 fusion-flex-column\" style=\"--awb-bg-size:cover;--awb-width-large:50%;--awb-margin-top-large:0px;--awb-spacing-right-large:3.84%;--awb-margin-bottom-large:0px;--awb-spacing-left-large:3.84%;--awb-width-medium:100%;--awb-order-medium:0;--awb-spacing-right-medium:1.92%;--awb-spacing-left-medium:1.92%;--awb-width-small:100%;--awb-order-small:0;--awb-spacing-right-small:1.92%;--awb-spacing-left-small:1.92%;\"><div class=\"fusion-column-wrapper fusion-column-has-shadow fusion-flex-justify-content-flex-start fusion-content-layout-column\"><div class=\"fusion-text fusion-text-4\" style=\"--awb-text-transform:none;\"><p><strong>1) Pinces<\/strong><\/p>\n<p>Montage avec des pinces sur les bords du verre \u2193<\/p>\n<\/div><div class=\"fusion-image-element \" style=\"--awb-caption-title-font-family:var(--h2_typography-font-family);--awb-caption-title-font-weight:var(--h2_typography-font-weight);--awb-caption-title-font-style:var(--h2_typography-font-style);--awb-caption-title-size:var(--h2_typography-font-size);--awb-caption-title-transform:var(--h2_typography-text-transform);--awb-caption-title-line-height:var(--h2_typography-line-height);--awb-caption-title-letter-spacing:var(--h2_typography-letter-spacing);\"><span class=\" fusion-imageframe imageframe-glow imageframe-5 hover-type-none\" style=\"-webkit-box-shadow: 0 0 10px rgba(0,0,0,0.3);box-shadow: 0 0 10px rgba(0,0,0,0.3);\"><img decoding=\"async\" width=\"330\" height=\"216\" title=\"8\" src=\"https:\/\/www.ertex-solar.at\/wp-content\/uploads\/sites\/4\/2022\/05\/8.jpg\" data-orig-src=\"https:\/\/www.ertex-solar.at\/wp-content\/uploads\/sites\/4\/2022\/05\/8.jpg\" alt class=\"lazyload img-responsive wp-image-11231\" srcset=\"data:image\/svg+xml,%3Csvg%20xmlns%3D%27http%3A%2F%2Fwww.w3.org%2F2000%2Fsvg%27%20width%3D%27330%27%20height%3D%27216%27%20viewBox%3D%270%200%20330%20216%27%3E%3Crect%20width%3D%27330%27%20height%3D%27216%27%20fill-opacity%3D%220%22%2F%3E%3C%2Fsvg%3E\" data-srcset=\"https:\/\/www.ertex-solar.at\/wp-content\/uploads\/sites\/4\/2022\/05\/8-200x131.jpg 200w, https:\/\/www.ertex-solar.at\/wp-content\/uploads\/sites\/4\/2022\/05\/8.jpg 330w\" data-sizes=\"auto\" data-orig-sizes=\"(max-width: 1024px) 100vw, (max-width: 640px) 100vw, 330px\" \/><\/span><\/div><div class=\"fusion-separator fusion-full-width-sep\" style=\"align-self: center;margin-left: auto;margin-right: auto;margin-top:10px;margin-bottom:10px;width:100%;\"><\/div><\/div><\/div><div class=\"fusion-layout-column fusion_builder_column fusion-builder-column-7 fusion_builder_column_1_2 1_2 fusion-flex-column\" style=\"--awb-bg-size:cover;--awb-width-large:50%;--awb-margin-top-large:0px;--awb-spacing-right-large:3.84%;--awb-margin-bottom-large:0px;--awb-spacing-left-large:3.84%;--awb-width-medium:100%;--awb-order-medium:0;--awb-spacing-right-medium:1.92%;--awb-spacing-left-medium:1.92%;--awb-width-small:100%;--awb-order-small:0;--awb-spacing-right-small:1.92%;--awb-spacing-left-small:1.92%;\"><div class=\"fusion-column-wrapper fusion-column-has-shadow fusion-flex-justify-content-flex-start fusion-content-layout-column\"><div class=\"fusion-image-element \" style=\"--awb-caption-title-font-family:var(--h2_typography-font-family);--awb-caption-title-font-weight:var(--h2_typography-font-weight);--awb-caption-title-font-style:var(--h2_typography-font-style);--awb-caption-title-size:var(--h2_typography-font-size);--awb-caption-title-transform:var(--h2_typography-text-transform);--awb-caption-title-line-height:var(--h2_typography-line-height);--awb-caption-title-letter-spacing:var(--h2_typography-letter-spacing);\"><span class=\" fusion-imageframe imageframe-none imageframe-6 hover-type-none\"><img decoding=\"async\" width=\"510\" height=\"435\" title=\"6\" src=\"https:\/\/www.ertex-solar.at\/wp-content\/uploads\/sites\/4\/2022\/05\/6-1.jpg\" data-orig-src=\"https:\/\/www.ertex-solar.at\/wp-content\/uploads\/sites\/4\/2022\/05\/6-1.jpg\" alt class=\"lazyload img-responsive wp-image-11237\" srcset=\"data:image\/svg+xml,%3Csvg%20xmlns%3D%27http%3A%2F%2Fwww.w3.org%2F2000%2Fsvg%27%20width%3D%27510%27%20height%3D%27435%27%20viewBox%3D%270%200%20510%20435%27%3E%3Crect%20width%3D%27510%27%20height%3D%27435%27%20fill-opacity%3D%220%22%2F%3E%3C%2Fsvg%3E\" data-srcset=\"https:\/\/www.ertex-solar.at\/wp-content\/uploads\/sites\/4\/2022\/05\/6-1-200x171.jpg 200w, https:\/\/www.ertex-solar.at\/wp-content\/uploads\/sites\/4\/2022\/05\/6-1-400x341.jpg 400w, https:\/\/www.ertex-solar.at\/wp-content\/uploads\/sites\/4\/2022\/05\/6-1.jpg 510w\" data-sizes=\"auto\" data-orig-sizes=\"(max-width: 1024px) 100vw, (max-width: 640px) 100vw, 510px\" \/><\/span><\/div><div class=\"fusion-separator fusion-full-width-sep\" style=\"align-self: center;margin-left: auto;margin-right: auto;margin-top:10px;margin-bottom:10px;width:100%;\"><\/div><\/div><\/div><div class=\"fusion-layout-column fusion_builder_column fusion-builder-column-8 fusion_builder_column_1_2 1_2 fusion-flex-column\" style=\"--awb-bg-size:cover;--awb-width-large:50%;--awb-margin-top-large:0px;--awb-spacing-right-large:3.84%;--awb-margin-bottom-large:0px;--awb-spacing-left-large:3.84%;--awb-width-medium:100%;--awb-order-medium:0;--awb-spacing-right-medium:1.92%;--awb-spacing-left-medium:1.92%;--awb-width-small:100%;--awb-order-small:0;--awb-spacing-right-small:1.92%;--awb-spacing-left-small:1.92%;\"><div class=\"fusion-column-wrapper fusion-column-has-shadow fusion-flex-justify-content-flex-start fusion-content-layout-column\"><div class=\"fusion-separator fusion-full-width-sep\" style=\"align-self: center;margin-left: auto;margin-right: auto;margin-top:40px;margin-bottom:40px;width:100%;\"><\/div><div class=\"fusion-text fusion-text-5\" style=\"--awb-text-transform:none;\"><p><strong>2) Porte-pointes<\/strong><\/p>\n<p>Montage avec des porte-pointes dans les per\u00e7ages de verre \u2193<\/p>\n<\/div><div class=\"fusion-image-element \" style=\"--awb-caption-title-font-family:var(--h2_typography-font-family);--awb-caption-title-font-weight:var(--h2_typography-font-weight);--awb-caption-title-font-style:var(--h2_typography-font-style);--awb-caption-title-size:var(--h2_typography-font-size);--awb-caption-title-transform:var(--h2_typography-text-transform);--awb-caption-title-line-height:var(--h2_typography-line-height);--awb-caption-title-letter-spacing:var(--h2_typography-letter-spacing);\"><span class=\" fusion-imageframe imageframe-glow imageframe-7 hover-type-none\" style=\"-webkit-box-shadow: 0 0 10px rgba(0,0,0,0.3);box-shadow: 0 0 10px rgba(0,0,0,0.3);\"><img decoding=\"async\" width=\"328\" height=\"208\" title=\"9\" src=\"https:\/\/www.ertex-solar.at\/wp-content\/uploads\/sites\/4\/2022\/05\/9.jpg\" data-orig-src=\"https:\/\/www.ertex-solar.at\/wp-content\/uploads\/sites\/4\/2022\/05\/9.jpg\" alt class=\"lazyload img-responsive wp-image-11243\" srcset=\"data:image\/svg+xml,%3Csvg%20xmlns%3D%27http%3A%2F%2Fwww.w3.org%2F2000%2Fsvg%27%20width%3D%27328%27%20height%3D%27208%27%20viewBox%3D%270%200%20328%20208%27%3E%3Crect%20width%3D%27328%27%20height%3D%27208%27%20fill-opacity%3D%220%22%2F%3E%3C%2Fsvg%3E\" data-srcset=\"https:\/\/www.ertex-solar.at\/wp-content\/uploads\/sites\/4\/2022\/05\/9-200x127.jpg 200w, https:\/\/www.ertex-solar.at\/wp-content\/uploads\/sites\/4\/2022\/05\/9.jpg 328w\" data-sizes=\"auto\" data-orig-sizes=\"(max-width: 1024px) 100vw, (max-width: 640px) 100vw, 328px\" \/><\/span><\/div><div class=\"fusion-separator fusion-full-width-sep\" style=\"align-self: center;margin-left: auto;margin-right: auto;margin-top:10px;margin-bottom:10px;width:100%;\"><\/div><\/div><\/div><div class=\"fusion-layout-column fusion_builder_column fusion-builder-column-9 fusion_builder_column_1_2 1_2 fusion-flex-column\" style=\"--awb-bg-size:cover;--awb-width-large:50%;--awb-margin-top-large:0px;--awb-spacing-right-large:3.84%;--awb-margin-bottom-large:0px;--awb-spacing-left-large:3.84%;--awb-width-medium:100%;--awb-order-medium:0;--awb-spacing-right-medium:1.92%;--awb-spacing-left-medium:1.92%;--awb-width-small:100%;--awb-order-small:0;--awb-spacing-right-small:1.92%;--awb-spacing-left-small:1.92%;\"><div class=\"fusion-column-wrapper fusion-column-has-shadow fusion-flex-justify-content-flex-start fusion-content-layout-column\"><div class=\"fusion-separator fusion-no-small-visibility fusion-full-width-sep\" style=\"align-self: center;margin-left: auto;margin-right: auto;margin-top:40px;margin-bottom:40px;width:100%;\"><\/div><div class=\"fusion-image-element \" style=\"--awb-caption-title-font-family:var(--h2_typography-font-family);--awb-caption-title-font-weight:var(--h2_typography-font-weight);--awb-caption-title-font-style:var(--h2_typography-font-style);--awb-caption-title-size:var(--h2_typography-font-size);--awb-caption-title-transform:var(--h2_typography-text-transform);--awb-caption-title-line-height:var(--h2_typography-line-height);--awb-caption-title-letter-spacing:var(--h2_typography-letter-spacing);\"><span class=\" fusion-imageframe imageframe-none imageframe-8 hover-type-none\"><img decoding=\"async\" width=\"504\" height=\"439\" title=\"7\" src=\"https:\/\/www.ertex-solar.at\/wp-content\/uploads\/sites\/4\/2022\/05\/7-2.jpg\" data-orig-src=\"https:\/\/www.ertex-solar.at\/wp-content\/uploads\/sites\/4\/2022\/05\/7-2.jpg\" alt class=\"lazyload img-responsive wp-image-11240\" srcset=\"data:image\/svg+xml,%3Csvg%20xmlns%3D%27http%3A%2F%2Fwww.w3.org%2F2000%2Fsvg%27%20width%3D%27504%27%20height%3D%27439%27%20viewBox%3D%270%200%20504%20439%27%3E%3Crect%20width%3D%27504%27%20height%3D%27439%27%20fill-opacity%3D%220%22%2F%3E%3C%2Fsvg%3E\" data-srcset=\"https:\/\/www.ertex-solar.at\/wp-content\/uploads\/sites\/4\/2022\/05\/7-2-200x174.jpg 200w, https:\/\/www.ertex-solar.at\/wp-content\/uploads\/sites\/4\/2022\/05\/7-2-400x348.jpg 400w, https:\/\/www.ertex-solar.at\/wp-content\/uploads\/sites\/4\/2022\/05\/7-2.jpg 504w\" data-sizes=\"auto\" data-orig-sizes=\"(max-width: 1024px) 100vw, (max-width: 640px) 100vw, 504px\" \/><\/span><\/div><div class=\"fusion-separator fusion-full-width-sep\" style=\"align-self: center;margin-left: auto;margin-right: auto;margin-top:10px;margin-bottom:10px;width:100%;\"><\/div><\/div><\/div><div class=\"fusion-layout-column fusion_builder_column fusion-builder-column-10 fusion_builder_column_1_2 1_2 fusion-flex-column\" style=\"--awb-bg-size:cover;--awb-width-large:50%;--awb-margin-top-large:0px;--awb-spacing-right-large:3.84%;--awb-margin-bottom-large:0px;--awb-spacing-left-large:3.84%;--awb-width-medium:100%;--awb-order-medium:0;--awb-spacing-right-medium:1.92%;--awb-spacing-left-medium:1.92%;--awb-width-small:100%;--awb-order-small:0;--awb-spacing-right-small:1.92%;--awb-spacing-left-small:1.92%;\"><div class=\"fusion-column-wrapper fusion-column-has-shadow fusion-flex-justify-content-flex-start fusion-content-layout-column\"><div class=\"fusion-separator fusion-full-width-sep\" style=\"align-self: center;margin-left: auto;margin-right: auto;margin-top:40px;margin-bottom:40px;width:100%;\"><\/div><div class=\"fusion-text fusion-text-6\" style=\"--awb-text-transform:none;\"><p><strong>3) Profil\u00e9s<\/strong><\/p>\n<p>Montage \u00e0 l&rsquo;aide de profil\u00e9s, qui relient les vitres \u2193.<\/p>\n<\/div><div class=\"fusion-image-element \" style=\"--awb-caption-title-font-family:var(--h2_typography-font-family);--awb-caption-title-font-weight:var(--h2_typography-font-weight);--awb-caption-title-font-style:var(--h2_typography-font-style);--awb-caption-title-size:var(--h2_typography-font-size);--awb-caption-title-transform:var(--h2_typography-text-transform);--awb-caption-title-line-height:var(--h2_typography-line-height);--awb-caption-title-letter-spacing:var(--h2_typography-letter-spacing);\"><span class=\" fusion-imageframe imageframe-glow imageframe-9 hover-type-none\" style=\"-webkit-box-shadow: 0 0 10px rgba(0,0,0,0.3);box-shadow: 0 0 10px rgba(0,0,0,0.3);\"><img decoding=\"async\" width=\"356\" height=\"194\" title=\"8\" src=\"https:\/\/www.ertex-solar.at\/wp-content\/uploads\/sites\/4\/2022\/05\/8.png\" data-orig-src=\"https:\/\/www.ertex-solar.at\/wp-content\/uploads\/sites\/4\/2022\/05\/8.png\" alt class=\"lazyload img-responsive wp-image-11205\" srcset=\"data:image\/svg+xml,%3Csvg%20xmlns%3D%27http%3A%2F%2Fwww.w3.org%2F2000%2Fsvg%27%20width%3D%27356%27%20height%3D%27194%27%20viewBox%3D%270%200%20356%20194%27%3E%3Crect%20width%3D%27356%27%20height%3D%27194%27%20fill-opacity%3D%220%22%2F%3E%3C%2Fsvg%3E\" data-srcset=\"https:\/\/www.ertex-solar.at\/wp-content\/uploads\/sites\/4\/2022\/05\/8-200x109.png 200w, https:\/\/www.ertex-solar.at\/wp-content\/uploads\/sites\/4\/2022\/05\/8.png 356w\" data-sizes=\"auto\" data-orig-sizes=\"(max-width: 1024px) 100vw, (max-width: 640px) 100vw, 356px\" \/><\/span><\/div><div class=\"fusion-separator fusion-full-width-sep\" style=\"align-self: center;margin-left: auto;margin-right: auto;margin-top:10px;margin-bottom:10px;width:100%;\"><\/div><\/div><\/div><div class=\"fusion-layout-column fusion_builder_column fusion-builder-column-11 fusion_builder_column_1_2 1_2 fusion-flex-column\" style=\"--awb-bg-size:cover;--awb-width-large:50%;--awb-margin-top-large:0px;--awb-spacing-right-large:3.84%;--awb-margin-bottom-large:0px;--awb-spacing-left-large:3.84%;--awb-width-medium:100%;--awb-order-medium:0;--awb-spacing-right-medium:1.92%;--awb-spacing-left-medium:1.92%;--awb-width-small:100%;--awb-order-small:0;--awb-spacing-right-small:1.92%;--awb-spacing-left-small:1.92%;\"><div class=\"fusion-column-wrapper fusion-column-has-shadow fusion-flex-justify-content-flex-start fusion-content-layout-column\"><div class=\"fusion-separator fusion-no-small-visibility fusion-full-width-sep\" style=\"align-self: center;margin-left: auto;margin-right: auto;margin-top:40px;margin-bottom:40px;width:100%;\"><\/div><div class=\"fusion-image-element \" style=\"--awb-caption-title-font-family:var(--h2_typography-font-family);--awb-caption-title-font-weight:var(--h2_typography-font-weight);--awb-caption-title-font-style:var(--h2_typography-font-style);--awb-caption-title-size:var(--h2_typography-font-size);--awb-caption-title-transform:var(--h2_typography-text-transform);--awb-caption-title-line-height:var(--h2_typography-line-height);--awb-caption-title-letter-spacing:var(--h2_typography-letter-spacing);\"><span class=\" fusion-imageframe imageframe-none imageframe-10 hover-type-none\"><img decoding=\"async\" width=\"508\" height=\"484\" title=\"12\" src=\"https:\/\/www.ertex-solar.at\/wp-content\/uploads\/sites\/4\/2022\/05\/12.jpg\" data-orig-src=\"https:\/\/www.ertex-solar.at\/wp-content\/uploads\/sites\/4\/2022\/05\/12.jpg\" alt class=\"lazyload img-responsive wp-image-11250\" srcset=\"data:image\/svg+xml,%3Csvg%20xmlns%3D%27http%3A%2F%2Fwww.w3.org%2F2000%2Fsvg%27%20width%3D%27508%27%20height%3D%27484%27%20viewBox%3D%270%200%20508%20484%27%3E%3Crect%20width%3D%27508%27%20height%3D%27484%27%20fill-opacity%3D%220%22%2F%3E%3C%2Fsvg%3E\" data-srcset=\"https:\/\/www.ertex-solar.at\/wp-content\/uploads\/sites\/4\/2022\/05\/12-200x191.jpg 200w, https:\/\/www.ertex-solar.at\/wp-content\/uploads\/sites\/4\/2022\/05\/12-400x381.jpg 400w, https:\/\/www.ertex-solar.at\/wp-content\/uploads\/sites\/4\/2022\/05\/12.jpg 508w\" data-sizes=\"auto\" data-orig-sizes=\"(max-width: 1024px) 100vw, (max-width: 640px) 100vw, 508px\" \/><\/span><\/div><div class=\"fusion-separator fusion-full-width-sep\" style=\"align-self: center;margin-left: auto;margin-right: auto;margin-top:10px;margin-bottom:10px;width:100%;\"><\/div><\/div><\/div><div class=\"fusion-layout-column fusion_builder_column fusion-builder-column-12 fusion_builder_column_1_2 1_2 fusion-flex-column\" style=\"--awb-bg-size:cover;--awb-width-large:50%;--awb-margin-top-large:0px;--awb-spacing-right-large:3.84%;--awb-margin-bottom-large:0px;--awb-spacing-left-large:3.84%;--awb-width-medium:100%;--awb-order-medium:0;--awb-spacing-right-medium:1.92%;--awb-spacing-left-medium:1.92%;--awb-width-small:100%;--awb-order-small:0;--awb-spacing-right-small:1.92%;--awb-spacing-left-small:1.92%;\"><div class=\"fusion-column-wrapper fusion-column-has-shadow fusion-flex-justify-content-flex-start fusion-content-layout-column\"><div class=\"fusion-separator fusion-full-width-sep\" style=\"align-self: center;margin-left: auto;margin-right: auto;margin-top:40px;margin-bottom:40px;width:100%;\"><\/div><div class=\"fusion-text fusion-text-7\" style=\"--awb-text-transform:none;\"><p><strong>4) Epissure<\/strong><\/p>\n<p>Montage avec \u00e9pissure \u00e0 la sous-structure \u2193<\/p>\n<\/div><div class=\"fusion-image-element \" style=\"--awb-caption-title-font-family:var(--h2_typography-font-family);--awb-caption-title-font-weight:var(--h2_typography-font-weight);--awb-caption-title-font-style:var(--h2_typography-font-style);--awb-caption-title-size:var(--h2_typography-font-size);--awb-caption-title-transform:var(--h2_typography-text-transform);--awb-caption-title-line-height:var(--h2_typography-line-height);--awb-caption-title-letter-spacing:var(--h2_typography-letter-spacing);\"><span class=\" fusion-imageframe imageframe-glow imageframe-11 hover-type-none\" style=\"-webkit-box-shadow: 0 0 10px rgba(0,0,0,0.3);box-shadow: 0 0 10px rgba(0,0,0,0.3);\"><img decoding=\"async\" width=\"223\" height=\"305\" title=\"11\" src=\"https:\/\/www.ertex-solar.at\/wp-content\/uploads\/sites\/4\/2022\/05\/11.jpg\" data-orig-src=\"https:\/\/www.ertex-solar.at\/wp-content\/uploads\/sites\/4\/2022\/05\/11.jpg\" alt class=\"lazyload img-responsive wp-image-11246\" srcset=\"data:image\/svg+xml,%3Csvg%20xmlns%3D%27http%3A%2F%2Fwww.w3.org%2F2000%2Fsvg%27%20width%3D%27223%27%20height%3D%27305%27%20viewBox%3D%270%200%20223%20305%27%3E%3Crect%20width%3D%27223%27%20height%3D%27305%27%20fill-opacity%3D%220%22%2F%3E%3C%2Fsvg%3E\" data-srcset=\"https:\/\/www.ertex-solar.at\/wp-content\/uploads\/sites\/4\/2022\/05\/11-200x274.jpg 200w, https:\/\/www.ertex-solar.at\/wp-content\/uploads\/sites\/4\/2022\/05\/11.jpg 223w\" data-sizes=\"auto\" data-orig-sizes=\"(max-width: 1024px) 100vw, (max-width: 640px) 100vw, 223px\" \/><\/span><\/div><div class=\"fusion-separator fusion-full-width-sep\" style=\"align-self: center;margin-left: auto;margin-right: auto;margin-top:10px;margin-bottom:10px;width:100%;\"><\/div><\/div><\/div><div class=\"fusion-layout-column fusion_builder_column fusion-builder-column-13 fusion_builder_column_1_2 1_2 fusion-flex-column\" style=\"--awb-bg-size:cover;--awb-width-large:50%;--awb-margin-top-large:0px;--awb-spacing-right-large:3.84%;--awb-margin-bottom-large:0px;--awb-spacing-left-large:3.84%;--awb-width-medium:100%;--awb-order-medium:0;--awb-spacing-right-medium:1.92%;--awb-spacing-left-medium:1.92%;--awb-width-small:100%;--awb-order-small:0;--awb-spacing-right-small:1.92%;--awb-spacing-left-small:1.92%;\"><div class=\"fusion-column-wrapper fusion-column-has-shadow fusion-flex-justify-content-flex-start fusion-content-layout-column\"><div class=\"fusion-separator fusion-no-small-visibility fusion-full-width-sep\" style=\"align-self: center;margin-left: auto;margin-right: auto;margin-top:40px;margin-bottom:40px;width:100%;\"><\/div><div class=\"fusion-image-element \" style=\"--awb-caption-title-font-family:var(--h2_typography-font-family);--awb-caption-title-font-weight:var(--h2_typography-font-weight);--awb-caption-title-font-style:var(--h2_typography-font-style);--awb-caption-title-size:var(--h2_typography-font-size);--awb-caption-title-transform:var(--h2_typography-text-transform);--awb-caption-title-line-height:var(--h2_typography-line-height);--awb-caption-title-letter-spacing:var(--h2_typography-letter-spacing);\"><span class=\" fusion-imageframe imageframe-none imageframe-12 hover-type-none\"><img decoding=\"async\" width=\"510\" height=\"435\" title=\"15.jpg\" src=\"https:\/\/www.ertex-solar.at\/wp-content\/uploads\/sites\/4\/2022\/05\/15.jpg.png\" data-orig-src=\"https:\/\/www.ertex-solar.at\/wp-content\/uploads\/sites\/4\/2022\/05\/15.jpg.png\" alt class=\"lazyload img-responsive wp-image-11260\" srcset=\"data:image\/svg+xml,%3Csvg%20xmlns%3D%27http%3A%2F%2Fwww.w3.org%2F2000%2Fsvg%27%20width%3D%27510%27%20height%3D%27435%27%20viewBox%3D%270%200%20510%20435%27%3E%3Crect%20width%3D%27510%27%20height%3D%27435%27%20fill-opacity%3D%220%22%2F%3E%3C%2Fsvg%3E\" data-srcset=\"https:\/\/www.ertex-solar.at\/wp-content\/uploads\/sites\/4\/2022\/05\/15.jpg-200x171.png 200w, https:\/\/www.ertex-solar.at\/wp-content\/uploads\/sites\/4\/2022\/05\/15.jpg-400x341.png 400w, https:\/\/www.ertex-solar.at\/wp-content\/uploads\/sites\/4\/2022\/05\/15.jpg.png 510w\" data-sizes=\"auto\" data-orig-sizes=\"(max-width: 1024px) 100vw, (max-width: 640px) 100vw, 510px\" \/><\/span><\/div><div class=\"fusion-separator fusion-full-width-sep\" style=\"align-self: center;margin-left: auto;margin-right: auto;margin-top:20px;margin-bottom:20px;width:100%;\"><\/div><\/div><\/div><\/div><\/div><\/p>\n","protected":false},"excerpt":{"rendered":"","protected":false},"author":552,"featured_media":0,"parent":1441,"menu_order":0,"comment_status":"closed","ping_status":"closed","template":"","meta":{"_acf_changed":false,"inline_featured_image":false,"footnotes":""},"class_list":["post-11499","page","type-page","status-publish","hentry"],"acf":[],"yoast_head":"<!-- This site is optimized with the Yoast SEO plugin v27.2 - https:\/\/yoast.com\/product\/yoast-seo-wordpress\/ -->\n<title>Fa\u00e7ades ventil\u00e9es avec modules solaires int\u00e9gr\u00e9s - ertex solar<\/title>\n<meta name=\"description\" content=\"La fa\u00e7ade ventil\u00e9e avec des modules PV d&#039;ertex solar combine de mani\u00e8re innovante production d&#039;\u00e9nergie et architecture.\" \/>\n<meta name=\"robots\" content=\"index, follow, max-snippet:-1, max-image-preview:large, max-video-preview:-1\" \/>\n<link rel=\"canonical\" href=\"https:\/\/www.ertex-solar.at\/fr\/notre-offre\/facade-ventilee\/\" \/>\n<meta property=\"og:locale\" content=\"fr_FR\" \/>\n<meta property=\"og:type\" content=\"article\" \/>\n<meta property=\"og:title\" content=\"Fa\u00e7ades ventil\u00e9es avec modules solaires int\u00e9gr\u00e9s - ertex solar\" \/>\n<meta property=\"og:description\" content=\"La fa\u00e7ade ventil\u00e9e avec des modules PV d&#039;ertex solar combine de mani\u00e8re innovante production d&#039;\u00e9nergie et architecture.\" \/>\n<meta property=\"og:url\" content=\"https:\/\/www.ertex-solar.at\/fr\/notre-offre\/facade-ventilee\/\" \/>\n<meta property=\"og:site_name\" content=\"Ertexsolar\" \/>\n<meta property=\"article:publisher\" content=\"https:\/\/www.facebook.com\/ertex.solartechnik\" \/>\n<meta property=\"article:modified_time\" content=\"2024-10-09T08:39:46+00:00\" \/>\n<meta property=\"og:image\" content=\"https:\/\/www.ertex-solar.at\/wp-content\/uploads\/sites\/4\/2019\/03\/Schuerch-Egli_Vorschaubild.jpg\" \/>\n\t<meta property=\"og:image:width\" content=\"340\" \/>\n\t<meta property=\"og:image:height\" content=\"340\" \/>\n\t<meta property=\"og:image:type\" content=\"image\/jpeg\" \/>\n<meta name=\"twitter:card\" content=\"summary_large_image\" \/>\n<meta name=\"twitter:site\" content=\"@ertexsolar_bipv\" \/>\n<script type=\"application\/ld+json\" class=\"yoast-schema-graph\">{\"@context\":\"https:\/\/schema.org\",\"@graph\":[{\"@type\":\"WebPage\",\"@id\":\"https:\/\/www.ertex-solar.at\/fr\/notre-offre\/facade-ventilee\/\",\"url\":\"https:\/\/www.ertex-solar.at\/fr\/notre-offre\/facade-ventilee\/\",\"name\":\"Fa\u00e7ades ventil\u00e9es avec modules solaires int\u00e9gr\u00e9s - ertex solar\",\"isPartOf\":{\"@id\":\"https:\/\/www.ertex-solar.at\/fr\/#website\"},\"datePublished\":\"2022-05-17T11:34:14+00:00\",\"dateModified\":\"2024-10-09T08:39:46+00:00\",\"description\":\"La fa\u00e7ade ventil\u00e9e avec des modules PV d'ertex solar combine de mani\u00e8re innovante production d'\u00e9nergie et architecture.\",\"breadcrumb\":{\"@id\":\"https:\/\/www.ertex-solar.at\/fr\/notre-offre\/facade-ventilee\/#breadcrumb\"},\"inLanguage\":\"fr-FR\",\"potentialAction\":[{\"@type\":\"ReadAction\",\"target\":[\"https:\/\/www.ertex-solar.at\/fr\/notre-offre\/facade-ventilee\/\"]}]},{\"@type\":\"BreadcrumbList\",\"@id\":\"https:\/\/www.ertex-solar.at\/fr\/notre-offre\/facade-ventilee\/#breadcrumb\",\"itemListElement\":[{\"@type\":\"ListItem\",\"position\":1,\"name\":\"Accueil\",\"item\":\"https:\/\/www.ertex-solar.at\/fr\/\"},{\"@type\":\"ListItem\",\"position\":2,\"name\":\"Nos offres et services\",\"item\":\"https:\/\/www.ertex-solar.at\/fr\/notre-offre\/\"},{\"@type\":\"ListItem\",\"position\":3,\"name\":\"Fa\u00e7ade ventil\u00e9e\"}]},{\"@type\":\"WebSite\",\"@id\":\"https:\/\/www.ertex-solar.at\/fr\/#website\",\"url\":\"https:\/\/www.ertex-solar.at\/fr\/\",\"name\":\"Ertexsolar\",\"description\":\"Enveloppe active du batiment, BIPV et vitrage dynamique\",\"publisher\":{\"@id\":\"https:\/\/www.ertex-solar.at\/fr\/#organization\"},\"potentialAction\":[{\"@type\":\"SearchAction\",\"target\":{\"@type\":\"EntryPoint\",\"urlTemplate\":\"https:\/\/www.ertex-solar.at\/fr\/?s={search_term_string}\"},\"query-input\":{\"@type\":\"PropertyValueSpecification\",\"valueRequired\":true,\"valueName\":\"search_term_string\"}}],\"inLanguage\":\"fr-FR\"},{\"@type\":\"Organization\",\"@id\":\"https:\/\/www.ertex-solar.at\/fr\/#organization\",\"name\":\"ERTEX SOLAR\",\"url\":\"https:\/\/www.ertex-solar.at\/fr\/\",\"logo\":{\"@type\":\"ImageObject\",\"inLanguage\":\"fr-FR\",\"@id\":\"https:\/\/www.ertex-solar.at\/fr\/#\/schema\/logo\/image\/\",\"url\":\"https:\/\/www.ertex-solar.at\/wp-content\/uploads\/sites\/4\/2022\/03\/ertex-solar-logo-only-1024x333.png\",\"contentUrl\":\"https:\/\/www.ertex-solar.at\/wp-content\/uploads\/sites\/4\/2022\/03\/ertex-solar-logo-only-1024x333.png\",\"width\":1024,\"height\":333,\"caption\":\"ERTEX SOLAR\"},\"image\":{\"@id\":\"https:\/\/www.ertex-solar.at\/fr\/#\/schema\/logo\/image\/\"},\"sameAs\":[\"https:\/\/www.facebook.com\/ertex.solartechnik\",\"https:\/\/x.com\/ertexsolar_bipv\",\"https:\/\/www.linkedin.com\/company\/ertex-solar\",\"https:\/\/www.instagram.com\/ertex_solar\/\",\"https:\/\/www.youtube.com\/c\/ertex-solar\/videos\"]}]}<\/script>\n<!-- \/ Yoast SEO plugin. -->","yoast_head_json":{"title":"Fa\u00e7ades ventil\u00e9es avec modules solaires int\u00e9gr\u00e9s - ertex solar","description":"La fa\u00e7ade ventil\u00e9e avec des modules PV d'ertex solar combine de mani\u00e8re innovante production d'\u00e9nergie et architecture.","robots":{"index":"index","follow":"follow","max-snippet":"max-snippet:-1","max-image-preview":"max-image-preview:large","max-video-preview":"max-video-preview:-1"},"canonical":"https:\/\/www.ertex-solar.at\/fr\/notre-offre\/facade-ventilee\/","og_locale":"fr_FR","og_type":"article","og_title":"Fa\u00e7ades ventil\u00e9es avec modules solaires int\u00e9gr\u00e9s - ertex solar","og_description":"La fa\u00e7ade ventil\u00e9e avec des modules PV d'ertex solar combine de mani\u00e8re innovante production d'\u00e9nergie et architecture.","og_url":"https:\/\/www.ertex-solar.at\/fr\/notre-offre\/facade-ventilee\/","og_site_name":"Ertexsolar","article_publisher":"https:\/\/www.facebook.com\/ertex.solartechnik","article_modified_time":"2024-10-09T08:39:46+00:00","og_image":[{"width":340,"height":340,"url":"https:\/\/www.ertex-solar.at\/wp-content\/uploads\/sites\/4\/2019\/03\/Schuerch-Egli_Vorschaubild.jpg","type":"image\/jpeg"}],"twitter_card":"summary_large_image","twitter_site":"@ertexsolar_bipv","schema":{"@context":"https:\/\/schema.org","@graph":[{"@type":"WebPage","@id":"https:\/\/www.ertex-solar.at\/fr\/notre-offre\/facade-ventilee\/","url":"https:\/\/www.ertex-solar.at\/fr\/notre-offre\/facade-ventilee\/","name":"Fa\u00e7ades ventil\u00e9es avec modules solaires int\u00e9gr\u00e9s - ertex solar","isPartOf":{"@id":"https:\/\/www.ertex-solar.at\/fr\/#website"},"datePublished":"2022-05-17T11:34:14+00:00","dateModified":"2024-10-09T08:39:46+00:00","description":"La fa\u00e7ade ventil\u00e9e avec des modules PV d'ertex solar combine de mani\u00e8re innovante production d'\u00e9nergie et architecture.","breadcrumb":{"@id":"https:\/\/www.ertex-solar.at\/fr\/notre-offre\/facade-ventilee\/#breadcrumb"},"inLanguage":"fr-FR","potentialAction":[{"@type":"ReadAction","target":["https:\/\/www.ertex-solar.at\/fr\/notre-offre\/facade-ventilee\/"]}]},{"@type":"BreadcrumbList","@id":"https:\/\/www.ertex-solar.at\/fr\/notre-offre\/facade-ventilee\/#breadcrumb","itemListElement":[{"@type":"ListItem","position":1,"name":"Accueil","item":"https:\/\/www.ertex-solar.at\/fr\/"},{"@type":"ListItem","position":2,"name":"Nos offres et services","item":"https:\/\/www.ertex-solar.at\/fr\/notre-offre\/"},{"@type":"ListItem","position":3,"name":"Fa\u00e7ade ventil\u00e9e"}]},{"@type":"WebSite","@id":"https:\/\/www.ertex-solar.at\/fr\/#website","url":"https:\/\/www.ertex-solar.at\/fr\/","name":"Ertexsolar","description":"Enveloppe active du batiment, BIPV et vitrage dynamique","publisher":{"@id":"https:\/\/www.ertex-solar.at\/fr\/#organization"},"potentialAction":[{"@type":"SearchAction","target":{"@type":"EntryPoint","urlTemplate":"https:\/\/www.ertex-solar.at\/fr\/?s={search_term_string}"},"query-input":{"@type":"PropertyValueSpecification","valueRequired":true,"valueName":"search_term_string"}}],"inLanguage":"fr-FR"},{"@type":"Organization","@id":"https:\/\/www.ertex-solar.at\/fr\/#organization","name":"ERTEX SOLAR","url":"https:\/\/www.ertex-solar.at\/fr\/","logo":{"@type":"ImageObject","inLanguage":"fr-FR","@id":"https:\/\/www.ertex-solar.at\/fr\/#\/schema\/logo\/image\/","url":"https:\/\/www.ertex-solar.at\/wp-content\/uploads\/sites\/4\/2022\/03\/ertex-solar-logo-only-1024x333.png","contentUrl":"https:\/\/www.ertex-solar.at\/wp-content\/uploads\/sites\/4\/2022\/03\/ertex-solar-logo-only-1024x333.png","width":1024,"height":333,"caption":"ERTEX SOLAR"},"image":{"@id":"https:\/\/www.ertex-solar.at\/fr\/#\/schema\/logo\/image\/"},"sameAs":["https:\/\/www.facebook.com\/ertex.solartechnik","https:\/\/x.com\/ertexsolar_bipv","https:\/\/www.linkedin.com\/company\/ertex-solar","https:\/\/www.instagram.com\/ertex_solar\/","https:\/\/www.youtube.com\/c\/ertex-solar\/videos"]}]}},"_links":{"self":[{"href":"https:\/\/www.ertex-solar.at\/fr\/wp-json\/wp\/v2\/pages\/11499","targetHints":{"allow":["GET"]}}],"collection":[{"href":"https:\/\/www.ertex-solar.at\/fr\/wp-json\/wp\/v2\/pages"}],"about":[{"href":"https:\/\/www.ertex-solar.at\/fr\/wp-json\/wp\/v2\/types\/page"}],"author":[{"embeddable":true,"href":"https:\/\/www.ertex-solar.at\/fr\/wp-json\/wp\/v2\/users\/552"}],"replies":[{"embeddable":true,"href":"https:\/\/www.ertex-solar.at\/fr\/wp-json\/wp\/v2\/comments?post=11499"}],"version-history":[{"count":6,"href":"https:\/\/www.ertex-solar.at\/fr\/wp-json\/wp\/v2\/pages\/11499\/revisions"}],"predecessor-version":[{"id":15315,"href":"https:\/\/www.ertex-solar.at\/fr\/wp-json\/wp\/v2\/pages\/11499\/revisions\/15315"}],"up":[{"embeddable":true,"href":"https:\/\/www.ertex-solar.at\/fr\/wp-json\/wp\/v2\/pages\/1441"}],"wp:attachment":[{"href":"https:\/\/www.ertex-solar.at\/fr\/wp-json\/wp\/v2\/media?parent=11499"}],"curies":[{"name":"wp","href":"https:\/\/api.w.org\/{rel}","templated":true}]}}