{"id":14,"date":"2016-07-14T02:28:51","date_gmt":"2016-07-14T02:28:51","guid":{"rendered":"https:\/\/www.soletanchefreyssinet.com\/activskeenwebsite\/?page_id=14"},"modified":"2022-05-18T10:57:01","modified_gmt":"2022-05-18T08:57:01","slug":"contact","status":"publish","type":"page","link":"https:\/\/www.ertex-solar.at\/fr\/a-propos\/contact\/","title":{"rendered":"Contact"},"content":{"rendered":"<div class=\"fusion-fullwidth fullwidth-box fusion-builder-row-1 nonhundred-percent-fullwidth non-hundred-percent-height-scrolling\" style=\"--awb-background-position:left top;--awb-border-sizes-top:0px;--awb-border-sizes-bottom:0px;--awb-border-sizes-left:0px;--awb-border-sizes-right:0px;--awb-border-radius-top-left:0px;--awb-border-radius-top-right:0px;--awb-border-radius-bottom-right:0px;--awb-border-radius-bottom-left:0px;--awb-margin-top:55px;--awb-flex-wrap:wrap;\" ><div class=\"fusion-builder-row fusion-row\"><div class=\"fusion-layout-column fusion_builder_column fusion-builder-column-0 fusion_builder_column_1_1 1_1 fusion-one-full fusion-column-first fusion-column-last\" style=\"--awb-bg-size:cover;\"><div class=\"fusion-column-wrapper fusion-column-has-shadow fusion-flex-column-wrapper-legacy\"><div class=\"fusion-text fusion-text-1\" style=\"--awb-text-transform:none;\">\n<div class=\"wpcf7 no-js\" id=\"wpcf7-f11730-o1\" lang=\"en-US\" dir=\"ltr\" data-wpcf7-id=\"11730\">\n<div class=\"screen-reader-response\"><p role=\"status\" aria-live=\"polite\" aria-atomic=\"true\"><\/p> <ul><\/ul><\/div>\n<form action=\"\/fr\/wp-json\/wp\/v2\/pages\/14#wpcf7-f11730-o1\" method=\"post\" class=\"wpcf7-form init\" aria-label=\"Contact form\" novalidate=\"novalidate\" data-status=\"init\">\n<fieldset class=\"hidden-fields-container\"><input type=\"hidden\" name=\"_wpcf7\" value=\"11730\" \/><input type=\"hidden\" name=\"_wpcf7_version\" value=\"6.1.5\" \/><input type=\"hidden\" name=\"_wpcf7_locale\" value=\"en_US\" \/><input type=\"hidden\" name=\"_wpcf7_unit_tag\" value=\"wpcf7-f11730-o1\" \/><input type=\"hidden\" name=\"_wpcf7_container_post\" value=\"0\" \/><input type=\"hidden\" name=\"_wpcf7_posted_data_hash\" value=\"\" \/><input type=\"hidden\" name=\"_wpcf7_recaptcha_response\" value=\"\" \/>\n<\/fieldset>\n<p><span class=\"wpcf7-form-control-wrap\" data-name=\"text-430\"><input size=\"40\" maxlength=\"400\" class=\"wpcf7-form-control wpcf7-text wpcf7-validates-as-required\" aria-required=\"true\" aria-invalid=\"false\" placeholder=\"Nom*\" value=\"\" type=\"text\" name=\"text-430\" \/><\/span>\n<\/p>\n<p><span class=\"wpcf7-form-control-wrap\" data-name=\"text-523\"><input size=\"40\" maxlength=\"400\" class=\"wpcf7-form-control wpcf7-text wpcf7-validates-as-required\" aria-required=\"true\" aria-invalid=\"false\" placeholder=\"Pr\u00e9nom*\" value=\"\" type=\"text\" name=\"text-523\" \/><\/span>\n<\/p>\n<p><span class=\"wpcf7-form-control-wrap\" data-name=\"text-176\"><input size=\"40\" maxlength=\"400\" class=\"wpcf7-form-control wpcf7-text wpcf7-validates-as-required\" aria-required=\"true\" aria-invalid=\"false\" placeholder=\"Enteprise\" value=\"\" type=\"text\" name=\"text-176\" \/><\/span>\n<\/p>\n<p><span class=\"wpcf7-form-control-wrap\" data-name=\"text-278\"><input size=\"40\" maxlength=\"400\" class=\"wpcf7-form-control wpcf7-text\" aria-invalid=\"false\" placeholder=\"Pays\" value=\"\" type=\"text\" name=\"text-278\" \/><\/span>\n<\/p>\n<p><span class=\"wpcf7-form-control-wrap\" data-name=\"tel-593\"><input size=\"40\" maxlength=\"400\" class=\"wpcf7-form-control wpcf7-tel wpcf7-text wpcf7-validates-as-tel\" aria-invalid=\"false\" placeholder=\"Num\u00e9ro de t\u00e9l\u00e9phone\" value=\"\" type=\"tel\" name=\"tel-593\" \/><\/span>\n<\/p>\n<p><span class=\"wpcf7-form-control-wrap\" data-name=\"email-44\"><input size=\"40\" maxlength=\"400\" class=\"wpcf7-form-control wpcf7-email wpcf7-validates-as-required wpcf7-text wpcf7-validates-as-email\" aria-required=\"true\" aria-invalid=\"false\" placeholder=\"E-Mail*\" value=\"\" type=\"email\" name=\"email-44\" \/><\/span>\n<\/p>\n<p><span class=\"wpcf7-form-control-wrap\" data-name=\"text-520\"><input size=\"40\" maxlength=\"400\" class=\"wpcf7-form-control wpcf7-text wpcf7-validates-as-required\" aria-required=\"true\" aria-invalid=\"false\" placeholder=\"Objet*\" value=\"\" type=\"text\" name=\"text-520\" \/><\/span>\n<\/p>\n<p><span class=\"wpcf7-form-control-wrap\" data-name=\"textarea-494\"><textarea cols=\"40\" rows=\"10\" maxlength=\"2000\" class=\"wpcf7-form-control wpcf7-textarea wpcf7-validates-as-required\" aria-required=\"true\" aria-invalid=\"false\" placeholder=\"Sujet*\" name=\"textarea-494\"><\/textarea><\/span>\n<\/p>\n<p>ertex solar traite vos donn\u00e9es personnelles afin de pouvoir r\u00e9pondre \u00e0 vos demandes.<br \/>\nVous disposez d'un droit d'acc\u00e8s et de rectification de ces donn\u00e9es.<br \/>\nVous pouvez trouver plus d'informations sur le traitement de vos donn\u00e9es personnelles dans notre politique de confidentialit\u00e9.\n<\/p>\n<p><input class=\"wpcf7-form-control wpcf7-submit has-spinner\" type=\"submit\" value=\"Envoyer\" \/>\n<\/p>\n<p>*: Obligatoire\n<\/p><div class=\"fusion-alert alert custom alert-custom fusion-alert-center wpcf7-response-output fusion-alert-capitalize awb-alert-native-link-color alert-dismissable awb-alert-close-boxed\" style=\"--awb-border-size:1px;--awb-border-top-left-radius:0px;--awb-border-top-right-radius:0px;--awb-border-bottom-left-radius:0px;--awb-border-bottom-right-radius:0px;\" role=\"alert\"><div class=\"fusion-alert-content-wrapper\"><span class=\"fusion-alert-content\"><\/span><\/div><button type=\"button\" class=\"close toggle-alert\" data-dismiss=\"alert\" aria-label=\"Close\">&times;<\/button><\/div>\n<\/form>\n<\/div>\n\n<\/div><div class=\"fusion-clearfix\"><\/div><\/div><\/div><\/div><\/div>\n","protected":false},"excerpt":{"rendered":"","protected":false},"author":1,"featured_media":0,"parent":1214,"menu_order":0,"comment_status":"closed","ping_status":"closed","template":"100-width.php","meta":{"_acf_changed":false,"inline_featured_image":false,"footnotes":""},"class_list":["post-14","page","type-page","status-publish","hentry"],"acf":[],"yoast_head":"<!-- This site is optimized with the Yoast SEO plugin v27.2 - https:\/\/yoast.com\/product\/yoast-seo-wordpress\/ -->\n<title>ertex solar - Formulaire de contact<\/title>\n<meta name=\"description\" content=\"Vous trouverez dans cette rubrique un formulaire de contact pour toute question ou besoin d&#039;information compl\u00e9mentaire\" \/>\n<meta name=\"robots\" content=\"index, follow, max-snippet:-1, max-image-preview:large, max-video-preview:-1\" \/>\n<link rel=\"canonical\" href=\"https:\/\/www.ertex-solar.at\/fr\/a-propos\/contact\/\" \/>\n<meta property=\"og:locale\" content=\"fr_FR\" \/>\n<meta property=\"og:type\" content=\"article\" \/>\n<meta property=\"og:title\" content=\"ertex solar - Formulaire de contact\" \/>\n<meta property=\"og:description\" content=\"Vous trouverez dans cette rubrique un formulaire de contact pour toute question ou besoin d&#039;information compl\u00e9mentaire\" \/>\n<meta property=\"og:url\" content=\"https:\/\/www.ertex-solar.at\/fr\/a-propos\/contact\/\" \/>\n<meta property=\"og:site_name\" content=\"Ertexsolar\" \/>\n<meta property=\"article:publisher\" content=\"https:\/\/www.facebook.com\/ertex.solartechnik\" \/>\n<meta property=\"article:modified_time\" content=\"2022-05-18T08:57:01+00:00\" \/>\n<meta property=\"og:image\" content=\"https:\/\/www.ertex-solar.at\/wp-content\/uploads\/sites\/4\/2019\/03\/Schuerch-Egli_Vorschaubild.jpg\" \/>\n\t<meta property=\"og:image:width\" content=\"340\" \/>\n\t<meta property=\"og:image:height\" content=\"340\" \/>\n\t<meta property=\"og:image:type\" content=\"image\/jpeg\" \/>\n<meta name=\"twitter:card\" content=\"summary_large_image\" \/>\n<meta name=\"twitter:site\" content=\"@ertexsolar_bipv\" \/>\n<script type=\"application\/ld+json\" class=\"yoast-schema-graph\">{\"@context\":\"https:\/\/schema.org\",\"@graph\":[{\"@type\":\"WebPage\",\"@id\":\"https:\/\/www.ertex-solar.at\/fr\/a-propos\/contact\/\",\"url\":\"https:\/\/www.ertex-solar.at\/fr\/a-propos\/contact\/\",\"name\":\"ertex solar - Formulaire de contact\",\"isPartOf\":{\"@id\":\"https:\/\/www.ertex-solar.at\/fr\/#website\"},\"datePublished\":\"2016-07-14T02:28:51+00:00\",\"dateModified\":\"2022-05-18T08:57:01+00:00\",\"description\":\"Vous trouverez dans cette rubrique un formulaire de contact pour toute question ou besoin d'information compl\u00e9mentaire\",\"breadcrumb\":{\"@id\":\"https:\/\/www.ertex-solar.at\/fr\/a-propos\/contact\/#breadcrumb\"},\"inLanguage\":\"fr-FR\",\"potentialAction\":[{\"@type\":\"ReadAction\",\"target\":[\"https:\/\/www.ertex-solar.at\/fr\/a-propos\/contact\/\"]}]},{\"@type\":\"BreadcrumbList\",\"@id\":\"https:\/\/www.ertex-solar.at\/fr\/a-propos\/contact\/#breadcrumb\",\"itemListElement\":[{\"@type\":\"ListItem\",\"position\":1,\"name\":\"Accueil\",\"item\":\"https:\/\/www.ertex-solar.at\/fr\/\"},{\"@type\":\"ListItem\",\"position\":2,\"name\":\"\u00c0 propos\",\"item\":\"https:\/\/www.ertex-solar.at\/fr\/a-propos\/\"},{\"@type\":\"ListItem\",\"position\":3,\"name\":\"Contact\"}]},{\"@type\":\"WebSite\",\"@id\":\"https:\/\/www.ertex-solar.at\/fr\/#website\",\"url\":\"https:\/\/www.ertex-solar.at\/fr\/\",\"name\":\"Ertexsolar\",\"description\":\"Enveloppe active du batiment, BIPV et vitrage dynamique\",\"publisher\":{\"@id\":\"https:\/\/www.ertex-solar.at\/fr\/#organization\"},\"potentialAction\":[{\"@type\":\"SearchAction\",\"target\":{\"@type\":\"EntryPoint\",\"urlTemplate\":\"https:\/\/www.ertex-solar.at\/fr\/?s={search_term_string}\"},\"query-input\":{\"@type\":\"PropertyValueSpecification\",\"valueRequired\":true,\"valueName\":\"search_term_string\"}}],\"inLanguage\":\"fr-FR\"},{\"@type\":\"Organization\",\"@id\":\"https:\/\/www.ertex-solar.at\/fr\/#organization\",\"name\":\"ERTEX SOLAR\",\"url\":\"https:\/\/www.ertex-solar.at\/fr\/\",\"logo\":{\"@type\":\"ImageObject\",\"inLanguage\":\"fr-FR\",\"@id\":\"https:\/\/www.ertex-solar.at\/fr\/#\/schema\/logo\/image\/\",\"url\":\"https:\/\/www.ertex-solar.at\/wp-content\/uploads\/sites\/4\/2022\/03\/ertex-solar-logo-only-1024x333.png\",\"contentUrl\":\"https:\/\/www.ertex-solar.at\/wp-content\/uploads\/sites\/4\/2022\/03\/ertex-solar-logo-only-1024x333.png\",\"width\":1024,\"height\":333,\"caption\":\"ERTEX SOLAR\"},\"image\":{\"@id\":\"https:\/\/www.ertex-solar.at\/fr\/#\/schema\/logo\/image\/\"},\"sameAs\":[\"https:\/\/www.facebook.com\/ertex.solartechnik\",\"https:\/\/x.com\/ertexsolar_bipv\",\"https:\/\/www.linkedin.com\/company\/ertex-solar\",\"https:\/\/www.instagram.com\/ertex_solar\/\",\"https:\/\/www.youtube.com\/c\/ertex-solar\/videos\"]}]}<\/script>\n<!-- \/ Yoast SEO plugin. -->","yoast_head_json":{"title":"ertex solar - Formulaire de contact","description":"Vous trouverez dans cette rubrique un formulaire de contact pour toute question ou besoin d'information compl\u00e9mentaire","robots":{"index":"index","follow":"follow","max-snippet":"max-snippet:-1","max-image-preview":"max-image-preview:large","max-video-preview":"max-video-preview:-1"},"canonical":"https:\/\/www.ertex-solar.at\/fr\/a-propos\/contact\/","og_locale":"fr_FR","og_type":"article","og_title":"ertex solar - Formulaire de contact","og_description":"Vous trouverez dans cette rubrique un formulaire de contact pour toute question ou besoin d'information compl\u00e9mentaire","og_url":"https:\/\/www.ertex-solar.at\/fr\/a-propos\/contact\/","og_site_name":"Ertexsolar","article_publisher":"https:\/\/www.facebook.com\/ertex.solartechnik","article_modified_time":"2022-05-18T08:57:01+00:00","og_image":[{"width":340,"height":340,"url":"https:\/\/www.ertex-solar.at\/wp-content\/uploads\/sites\/4\/2019\/03\/Schuerch-Egli_Vorschaubild.jpg","type":"image\/jpeg"}],"twitter_card":"summary_large_image","twitter_site":"@ertexsolar_bipv","schema":{"@context":"https:\/\/schema.org","@graph":[{"@type":"WebPage","@id":"https:\/\/www.ertex-solar.at\/fr\/a-propos\/contact\/","url":"https:\/\/www.ertex-solar.at\/fr\/a-propos\/contact\/","name":"ertex solar - Formulaire de contact","isPartOf":{"@id":"https:\/\/www.ertex-solar.at\/fr\/#website"},"datePublished":"2016-07-14T02:28:51+00:00","dateModified":"2022-05-18T08:57:01+00:00","description":"Vous trouverez dans cette rubrique un formulaire de contact pour toute question ou besoin d'information compl\u00e9mentaire","breadcrumb":{"@id":"https:\/\/www.ertex-solar.at\/fr\/a-propos\/contact\/#breadcrumb"},"inLanguage":"fr-FR","potentialAction":[{"@type":"ReadAction","target":["https:\/\/www.ertex-solar.at\/fr\/a-propos\/contact\/"]}]},{"@type":"BreadcrumbList","@id":"https:\/\/www.ertex-solar.at\/fr\/a-propos\/contact\/#breadcrumb","itemListElement":[{"@type":"ListItem","position":1,"name":"Accueil","item":"https:\/\/www.ertex-solar.at\/fr\/"},{"@type":"ListItem","position":2,"name":"\u00c0 propos","item":"https:\/\/www.ertex-solar.at\/fr\/a-propos\/"},{"@type":"ListItem","position":3,"name":"Contact"}]},{"@type":"WebSite","@id":"https:\/\/www.ertex-solar.at\/fr\/#website","url":"https:\/\/www.ertex-solar.at\/fr\/","name":"Ertexsolar","description":"Enveloppe active du batiment, BIPV et vitrage dynamique","publisher":{"@id":"https:\/\/www.ertex-solar.at\/fr\/#organization"},"potentialAction":[{"@type":"SearchAction","target":{"@type":"EntryPoint","urlTemplate":"https:\/\/www.ertex-solar.at\/fr\/?s={search_term_string}"},"query-input":{"@type":"PropertyValueSpecification","valueRequired":true,"valueName":"search_term_string"}}],"inLanguage":"fr-FR"},{"@type":"Organization","@id":"https:\/\/www.ertex-solar.at\/fr\/#organization","name":"ERTEX SOLAR","url":"https:\/\/www.ertex-solar.at\/fr\/","logo":{"@type":"ImageObject","inLanguage":"fr-FR","@id":"https:\/\/www.ertex-solar.at\/fr\/#\/schema\/logo\/image\/","url":"https:\/\/www.ertex-solar.at\/wp-content\/uploads\/sites\/4\/2022\/03\/ertex-solar-logo-only-1024x333.png","contentUrl":"https:\/\/www.ertex-solar.at\/wp-content\/uploads\/sites\/4\/2022\/03\/ertex-solar-logo-only-1024x333.png","width":1024,"height":333,"caption":"ERTEX SOLAR"},"image":{"@id":"https:\/\/www.ertex-solar.at\/fr\/#\/schema\/logo\/image\/"},"sameAs":["https:\/\/www.facebook.com\/ertex.solartechnik","https:\/\/x.com\/ertexsolar_bipv","https:\/\/www.linkedin.com\/company\/ertex-solar","https:\/\/www.instagram.com\/ertex_solar\/","https:\/\/www.youtube.com\/c\/ertex-solar\/videos"]}]}},"_links":{"self":[{"href":"https:\/\/www.ertex-solar.at\/fr\/wp-json\/wp\/v2\/pages\/14","targetHints":{"allow":["GET"]}}],"collection":[{"href":"https:\/\/www.ertex-solar.at\/fr\/wp-json\/wp\/v2\/pages"}],"about":[{"href":"https:\/\/www.ertex-solar.at\/fr\/wp-json\/wp\/v2\/types\/page"}],"author":[{"embeddable":true,"href":"https:\/\/www.ertex-solar.at\/fr\/wp-json\/wp\/v2\/users\/1"}],"replies":[{"embeddable":true,"href":"https:\/\/www.ertex-solar.at\/fr\/wp-json\/wp\/v2\/comments?post=14"}],"version-history":[{"count":0,"href":"https:\/\/www.ertex-solar.at\/fr\/wp-json\/wp\/v2\/pages\/14\/revisions"}],"up":[{"embeddable":true,"href":"https:\/\/www.ertex-solar.at\/fr\/wp-json\/wp\/v2\/pages\/1214"}],"wp:attachment":[{"href":"https:\/\/www.ertex-solar.at\/fr\/wp-json\/wp\/v2\/media?parent=14"}],"curies":[{"name":"wp","href":"https:\/\/api.w.org\/{rel}","templated":true}]}}