{"id":4652,"date":"2021-01-07T10:59:12","date_gmt":"2021-01-07T09:59:12","guid":{"rendered":"https:\/\/www.soletanchefreyssinet.com\/activskeenwebsite\/?page_id=4652"},"modified":"2022-05-18T10:56:14","modified_gmt":"2022-05-18T08:56:14","slug":"notre-savoir-faire","status":"publish","type":"page","link":"https:\/\/www.ertex-solar.at\/fr\/a-propos\/notre-savoir-faire\/","title":{"rendered":"Savoir-Faire"},"content":{"rendered":"<p><div class=\"fusion-fullwidth fullwidth-box fusion-builder-row-1 fusion-flex-container nonhundred-percent-fullwidth non-hundred-percent-height-scrolling\" style=\"--awb-border-radius-top-left:0px;--awb-border-radius-top-right:0px;--awb-border-radius-bottom-right:0px;--awb-border-radius-bottom-left:0px;--awb-flex-wrap:wrap;\" ><div class=\"fusion-builder-row fusion-row fusion-flex-align-items-flex-start fusion-flex-content-wrap\" style=\"max-width:1216.8px;margin-left: calc(-4% \/ 2 );margin-right: calc(-4% \/ 2 );\"><div class=\"fusion-layout-column fusion_builder_column fusion-builder-column-0 fusion_builder_column_1_1 1_1 fusion-flex-column\" style=\"--awb-bg-size:cover;--awb-width-large:100%;--awb-margin-top-large:0px;--awb-spacing-right-large:1.92%;--awb-margin-bottom-large:0px;--awb-spacing-left-large:1.92%;--awb-width-medium:100%;--awb-order-medium:0;--awb-spacing-right-medium:1.92%;--awb-spacing-left-medium:1.92%;--awb-width-small:100%;--awb-order-small:0;--awb-spacing-right-small:1.92%;--awb-spacing-left-small:1.92%;\"><div class=\"fusion-column-wrapper fusion-column-has-shadow fusion-flex-justify-content-flex-start fusion-content-layout-column\"><div class=\"fusion-title title fusion-title-1 fusion-sep-none fusion-title-text fusion-title-size-two\" style=\"--awb-margin-top-small:0px;--awb-margin-right-small:0px;--awb-margin-bottom-small:20px;--awb-margin-left-small:0px;\"><h2 class=\"fusion-title-heading title-heading-left fusion-responsive-typography-calculated\" style=\"margin:0;--fontSize:30;line-height:1.17;\">Une nouvelle \u00e8re de possibilit\u00e9s cr\u00e9atives<\/h2><\/div><div class=\"fusion-separator fusion-full-width-sep\" style=\"align-self: center;margin-left: auto;margin-right: auto;margin-top:20px;width:100%;\"><\/div><div class=\"fusion-text fusion-text-1\" style=\"--awb-text-transform:none;\"><p>Nous sommes l&rsquo;un des rares fournisseurs pouvant se targuer de poss\u00e9der des certificats \u00e0 la fois dans le monde de la construction et dans celui de l&rsquo;\u00e9lectrotechnique ou du photovolta\u00efque respectivement. Deux \u00e9l\u00e9ments essentiels pour la r\u00e9alisation de syst\u00e8mes qui fonctionnent de mani\u00e8re stable sur le long terme.<\/p>\n<p>Ces certificats s&rsquo;appliquent \u00e0 un large \u00e9ventail de services et de produits. Par exemple, nous disposons des cellules les plus diverses dans notre portefeuille. Il s&rsquo;agit de cellules polycristallines, monocristallines, \u00e0 haut rendement ainsi que de cellules semi-transparentes et color\u00e9es.<\/p>\n<p>Dans le secteur du verre, nous pouvons \u00e9galement fournir des services complets dans le cadre de projets tels que des \u00e9l\u00e9ments en verre isolant, diverses finitions de bordures, le per\u00e7age de trous, etc.<\/p>\n<p>Nous fabriquons des solutions semi-transparentes en utilisant diff\u00e9rents espacements entre les cellules ou avec des cellules semi-transparentes, qui cr\u00e9ent un motif d&rsquo;ombre uniforme. Nous sommes imbattables dans le monde entier en ce qui concerne les r\u00e9alisations de taille maximale. 2 440 x 5 000 mm est un record mondial dans le secteur des modules solaires. La r\u00e9alisation de variantes color\u00e9es est obtenue par l&rsquo;utilisation de cellules color\u00e9es, de films color\u00e9s, de verre color\u00e9 ou de verre imprim\u00e9.<\/p>\n<p>Avec nos partenaires sur tous les continents, nous vous permettons de r\u00e9aliser vos projets de mani\u00e8re rapide et cibl\u00e9e. Les solutions individuelles sont \u00e9labor\u00e9es en \u00e9troite collaboration avec les architectes et les planificateurs. Le r\u00e9seau s&rsquo;est \u00e9norm\u00e9ment d\u00e9velopp\u00e9 au cours des 10 derni\u00e8res ann\u00e9es.<\/p>\n<\/div><div class=\"fusion-separator fusion-full-width-sep\" style=\"align-self: center;margin-left: auto;margin-right: auto;margin-top:20px;width:100%;\"><\/div><div class=\"fusion-text fusion-text-2\" style=\"--awb-text-transform:none;\"><p>ertex solar propose une gamme impressionnante de produits pour r\u00e9pondre \u00e0 tous les besoins architecturaux. Ainsi, m\u00eame le dernier doute sur l&rsquo;int\u00e9gration du photovolta\u00efque est lev\u00e9 &#8211; une homog\u00e9n\u00e9it\u00e9 visuelle in\u00e9gal\u00e9e est obtenue gr\u00e2ce \u00e0 des surfaces d&rsquo;impression sp\u00e9ciales. Un v\u00e9ritable talent cach\u00e9.<\/p>\n<p>Cela est possible en choisissant l&rsquo;une des trois options, qui peuvent \u00e9galement \u00eatre combin\u00e9es pour offrir encore plus de possibilit\u00e9s esth\u00e9tiques :<\/p>\n<\/div><div class=\"fusion-flip-boxes flip-boxes row fusion-columns-3 flip-effect-classic equal-heights\" style=\"--awb-flip-duration:2.0s;\"><div class=\"fusion-flip-box-wrapper fusion-column col-lg-4 col-md-4 col-sm-4\"><div class=\"fusion-flip-box flip-right\" tabindex=\"0\"><div class=\"flip-box-inner-wrapper\"><div class=\"flip-box-front\" style=\"--awb-icon-color:rgba(188,31,38,0);--awb-border-size:1px;--awb-background-color-front:#ffffff;--awb-title-front-color:#ffffff;--awb-text-front-color:#ffffff;--awb-background-image-front:url(&#039;https:\/\/www.ertex-solar.at\/wp-content\/uploads\/sites\/4\/2021\/02\/couleurs.jpg&#039;);\"><div class=\"flip-box-front-inner\"><div class=\"flip-box-grafix flip-box-circle\"><i aria-hidden=\"true\" class=\"fa-circle fas fa-flip-vertical\"><\/i><\/div><h2 class=\"flip-box-heading without-text\">Colours...<\/h2><\/div><\/div><div class=\"flip-box-back\" style=\"--awb-icon-color:rgba(188,31,38,0);--awb-border-size:1px;--awb-background-image-back:url(&#039;https:\/\/www.ertex-solar.at\/wp-content\/uploads\/sites\/4\/2021\/01\/Picture1-800x557.jpg&#039;);\"><div class=\"flip-box-back-inner\">\n<p><img decoding=\"async\" class=\"lazyload alignnone size-full wp-image-5942\" src=\"https:\/\/www.ertex-solar.at\/wp-content\/uploads\/sites\/4\/2021\/01\/transparent-1.png\" data-orig-src=\"https:\/\/www.ertex-solar.at\/wp-content\/uploads\/sites\/4\/2021\/01\/transparent-1.png\" alt=\"\" width=\"300\" height=\"300\" srcset=\"data:image\/svg+xml,%3Csvg%20xmlns%3D%27http%3A%2F%2Fwww.w3.org%2F2000%2Fsvg%27%20width%3D%27300%27%20height%3D%27300%27%20viewBox%3D%270%200%20300%20300%27%3E%3Crect%20width%3D%27300%27%20height%3D%27300%27%20fill-opacity%3D%220%22%2F%3E%3C%2Fsvg%3E\" data-srcset=\"https:\/\/www.ertex-solar.at\/wp-content\/uploads\/sites\/4\/2021\/01\/transparent-1-66x66.png 66w, https:\/\/www.ertex-solar.at\/wp-content\/uploads\/sites\/4\/2021\/01\/transparent-1-150x150.png 150w, https:\/\/www.ertex-solar.at\/wp-content\/uploads\/sites\/4\/2021\/01\/transparent-1-200x200.png 200w, https:\/\/www.ertex-solar.at\/wp-content\/uploads\/sites\/4\/2021\/01\/transparent-1-300x300.png 300w, https:\/\/www.ertex-solar.at\/wp-content\/uploads\/sites\/4\/2021\/01\/transparent-1.png 359w\" data-sizes=\"auto\" data-orig-sizes=\"(max-width: 300px) 100vw, 300px\" \/><\/p>\n<\/div><\/div><\/div><\/div><\/div><div class=\"fusion-flip-box-wrapper fusion-column col-lg-4 col-md-4 col-sm-4\"><div class=\"fusion-flip-box flip-right\" tabindex=\"0\"><div class=\"flip-box-inner-wrapper\"><div class=\"flip-box-front\" style=\"--awb-icon-color:rgba(188,31,38,0);--awb-title-front-color:#ffffff;--awb-text-front-color:#ffffff;--awb-background-image-front:url(&#039;https:\/\/www.ertex-solar.at\/wp-content\/uploads\/sites\/4\/2021\/02\/depositphotos_54187225-stock-illustration-polygonal-background-geometric-pattern-grey.jpg&#039;);\"><div class=\"flip-box-front-inner\"><div class=\"flip-box-grafix flip-box-circle\"><i aria-hidden=\"true\" class=\"fa-circle fas fa-flip-vertical\"><\/i><\/div><h2 class=\"flip-box-heading without-text\">Surfaces &amp; patterns...<\/h2><\/div><\/div><div class=\"flip-box-back\" style=\"--awb-icon-color:rgba(188,31,38,0);--awb-background-image-back:url(&#039;https:\/\/www.ertex-solar.at\/wp-content\/uploads\/sites\/4\/2021\/01\/Roosli_2-scaled.jpg&#039;);\"><div class=\"flip-box-back-inner\"><\/div><\/div><\/div><\/div><\/div><div class=\"fusion-flip-box-wrapper fusion-column col-lg-4 col-md-4 col-sm-4\"><div class=\"fusion-flip-box flip-right\" tabindex=\"0\"><div class=\"flip-box-inner-wrapper\"><div class=\"flip-box-front\" style=\"--awb-icon-color:rgba(188,31,38,0);--awb-title-front-color:#ffffff;--awb-text-front-color:#ffffff;--awb-background-image-front:url(&#039;https:\/\/www.ertex-solar.at\/wp-content\/uploads\/sites\/4\/2021\/02\/coudy-brown-leather-texture-wallpaper-fabric-stock-image-design-800x600-1.jpg&#039;);\"><div class=\"flip-box-front-inner\"><div class=\"flip-box-grafix flip-box-circle\"><i aria-hidden=\"true\" class=\"fa-circle fas fa-flip-vertical\"><\/i><\/div><h2 class=\"flip-box-heading without-text\">Textures...<\/h2><\/div><\/div><div class=\"flip-box-back\" style=\"--awb-icon-color:rgba(188,31,38,0);--awb-background-image-back:url(&#039;https:\/\/www.ertex-solar.at\/wp-content\/uploads\/sites\/4\/2021\/02\/huggenbergerfries-Architekten_Wohnhaus-Solaris-\u00a9-Beat-Buhler-4-scaled.jpg&#039;);\"><div class=\"flip-box-back-inner\"><\/div><\/div><\/div><\/div><\/div><\/div><\/div><\/div><\/div><\/div><div class=\"fusion-fullwidth fullwidth-box fusion-builder-row-2 fusion-flex-container nonhundred-percent-fullwidth non-hundred-percent-height-scrolling\" style=\"--awb-border-radius-top-left:0px;--awb-border-radius-top-right:0px;--awb-border-radius-bottom-right:0px;--awb-border-radius-bottom-left:0px;--awb-flex-wrap:wrap;\" ><div class=\"fusion-builder-row fusion-row fusion-flex-align-items-flex-start fusion-flex-content-wrap\" style=\"max-width:1216.8px;margin-left: calc(-4% \/ 2 );margin-right: calc(-4% \/ 2 );\"><div class=\"fusion-layout-column fusion_builder_column fusion-builder-column-1 fusion_builder_column_1_1 1_1 fusion-flex-column fusion-flex-align-self-center\" style=\"--awb-bg-size:cover;--awb-width-large:100%;--awb-margin-top-large:0px;--awb-spacing-right-large:1.92%;--awb-margin-bottom-large:0px;--awb-spacing-left-large:1.92%;--awb-width-medium:100%;--awb-order-medium:0;--awb-spacing-right-medium:1.92%;--awb-spacing-left-medium:1.92%;--awb-width-small:100%;--awb-order-small:0;--awb-spacing-right-small:1.92%;--awb-spacing-left-small:1.92%;\"><div class=\"fusion-column-wrapper fusion-column-has-shadow fusion-flex-justify-content-center fusion-content-layout-column\"><div class=\"fusion-separator fusion-full-width-sep\" style=\"align-self: center;margin-left: auto;margin-right: auto;margin-top:20px;width:100%;\"><\/div><div class=\"fusion-text fusion-text-3\"><p>To emphasize the environmental approach on a project, there is also the possibility to not hide the photovoltaics but play with the cells. The freedom in playing with cell placement can create a unique design in applications such as skylights, facades and canopies, thanks to:<\/p>\n<\/div><div class=\"fusion-separator fusion-full-width-sep\" style=\"align-self: center;margin-left: auto;margin-right: auto;margin-top:20px;width:100%;\"><\/div><\/div><\/div><\/div><\/div><div class=\"fusion-fullwidth fullwidth-box fusion-builder-row-3 fusion-flex-container nonhundred-percent-fullwidth non-hundred-percent-height-scrolling\" style=\"--awb-border-radius-top-left:0px;--awb-border-radius-top-right:0px;--awb-border-radius-bottom-right:0px;--awb-border-radius-bottom-left:0px;--awb-flex-wrap:wrap;\" ><div class=\"fusion-builder-row fusion-row fusion-flex-align-items-flex-start fusion-flex-content-wrap\" style=\"max-width:1216.8px;margin-left: calc(-4% \/ 2 );margin-right: calc(-4% \/ 2 );\"><div class=\"fusion-layout-column fusion_builder_column fusion-builder-column-2 fusion_builder_column_1_2 1_2 fusion-flex-column\" style=\"--awb-bg-size:cover;--awb-width-large:50%;--awb-margin-top-large:0px;--awb-spacing-right-large:3.84%;--awb-margin-bottom-large:0px;--awb-spacing-left-large:3.84%;--awb-width-medium:100%;--awb-order-medium:0;--awb-spacing-right-medium:1.92%;--awb-spacing-left-medium:1.92%;--awb-width-small:100%;--awb-order-small:0;--awb-spacing-right-small:1.92%;--awb-spacing-left-small:1.92%;\"><div class=\"fusion-column-wrapper fusion-column-has-shadow fusion-flex-justify-content-flex-start fusion-content-layout-column\"><div class=\"fusion-text fusion-text-4\" style=\"--awb-text-transform:none;\"><h3 class=\"fusion-responsive-typography-calculated\" style=\"line-height: 1.5;\" data-fontsize=\"20\" data-lineheight=\"30px\">Un motif g\u00e9om\u00e9trique ou al\u00e9atoire<\/h3>\n<\/div><div class=\"fusion-image-before-after-wrapper fusion-image-before-after-horizontal type-before-after hover-type-together fusion-image-before-after-wrapper-1\" style=\"--awb-font-size:36px;--awb-bordersize:0px;--awb-accent-color-bg:rgba(255,255,255,0.15);--awb-transition-time:0.5s;\"><div class=\"fusion-image-before-after-element fusion-image-before-after fusion-image-before-after-container fusion-image-before-after-1\" data-offset=\"0.5\" data-orientation=\"horizontal\" data-move-with-handle-only=\"true\" data-click-to-move=\"true\"><img decoding=\"async\" class=\"fusion-image-before-after-before lazyload\" src=\"data:image\/gif;base64,R0lGODlhAQABAAAAACH5BAEKAAEALAAAAAABAAEAAAICTAEAOw==\"><img decoding=\"async\" class=\"fusion-image-before-after-after lazyload\" src=\"data:image\/svg+xml,%3Csvg%20xmlns%3D%27http%3A%2F%2Fwww.w3.org%2F2000%2Fsvg%27%20width%3D%271600%27%20height%3D%271200%27%20viewBox%3D%270%200%201600%201200%27%3E%3Crect%20width%3D%271600%27%20height%3D%271200%27%20fill-opacity%3D%220%22%2F%3E%3C%2Fsvg%3E\" width=\"800\" height=\"600\" data-orig-src=\"https:\/\/www.ertex-solar.at\/wp-content\/uploads\/sites\/4\/2021\/01\/Coralie-3-800x600.jpeg\"><div class=\"fusion-image-before-after-handle fusion-image-before-after-handle-default\"><span class=\"fusion-image-before-after-left-arrow\"><\/span><span class=\"fusion-image-before-after-right-arrow\"><\/span><\/div><\/div><\/div><\/div><\/div><div class=\"fusion-layout-column fusion_builder_column fusion-builder-column-3 fusion_builder_column_1_2 1_2 fusion-flex-column\" style=\"--awb-bg-size:cover;--awb-width-large:50%;--awb-margin-top-large:0px;--awb-spacing-right-large:3.84%;--awb-margin-bottom-large:0px;--awb-spacing-left-large:3.84%;--awb-width-medium:100%;--awb-order-medium:0;--awb-spacing-right-medium:1.92%;--awb-spacing-left-medium:1.92%;--awb-width-small:100%;--awb-order-small:0;--awb-spacing-right-small:1.92%;--awb-spacing-left-small:1.92%;\"><div class=\"fusion-column-wrapper fusion-column-has-shadow fusion-flex-justify-content-flex-start fusion-content-layout-column\"><div class=\"fusion-text fusion-text-5\" style=\"--awb-text-transform:none;\"><h3>L&rsquo;utilisation de cellules color\u00e9es<\/h3>\n<\/div><div class=\"awb-gallery-wrapper awb-gallery-wrapper-1 button-span-no\"><div style=\"margin:-5px;--awb-bordersize:0px;\" class=\"fusion-gallery fusion-gallery-container fusion-grid-1 fusion-columns-total-1 fusion-gallery-layout-grid fusion-gallery-1\"><div style=\"padding:5px;\" class=\"fusion-grid-column fusion-gallery-column fusion-gallery-column-1 hover-type-none\"><div class=\"fusion-gallery-image\"><a href=\"https:\/\/www.ertex-solar.at\/wp-content\/uploads\/sites\/4\/2021\/01\/mur-rideau.jpg\" rel=\"noreferrer\" data-rel=\"iLightbox[gallery_image_1]\" class=\"fusion-lightbox\" target=\"_self\"><img decoding=\"async\" src=\"https:\/\/www.ertex-solar.at\/wp-content\/uploads\/sites\/4\/2021\/01\/mur-rideau.jpg\" data-orig-src=\"https:\/\/www.ertex-solar.at\/wp-content\/uploads\/sites\/4\/2021\/01\/mur-rideau.jpg\" width=\"1373\" height=\"824\" alt=\"\" title=\"mur-rideau\" aria-label=\"mur-rideau\" class=\"lazyload img-responsive wp-image-5508\" srcset=\"data:image\/svg+xml,%3Csvg%20xmlns%3D%27http%3A%2F%2Fwww.w3.org%2F2000%2Fsvg%27%20width%3D%271373%27%20height%3D%27824%27%20viewBox%3D%270%200%201373%20824%27%3E%3Crect%20width%3D%271373%27%20height%3D%27824%27%20fill-opacity%3D%220%22%2F%3E%3C%2Fsvg%3E\" data-srcset=\"https:\/\/www.ertex-solar.at\/wp-content\/uploads\/sites\/4\/2021\/01\/mur-rideau-200x120.jpg 200w, https:\/\/www.ertex-solar.at\/wp-content\/uploads\/sites\/4\/2021\/01\/mur-rideau-400x240.jpg 400w, https:\/\/www.ertex-solar.at\/wp-content\/uploads\/sites\/4\/2021\/01\/mur-rideau-600x360.jpg 600w, https:\/\/www.ertex-solar.at\/wp-content\/uploads\/sites\/4\/2021\/01\/mur-rideau-800x480.jpg 800w, https:\/\/www.ertex-solar.at\/wp-content\/uploads\/sites\/4\/2021\/01\/mur-rideau-1200x720.jpg 1200w, https:\/\/www.ertex-solar.at\/wp-content\/uploads\/sites\/4\/2021\/01\/mur-rideau.jpg 1373w\" data-sizes=\"auto\" data-orig-sizes=\"(min-width: 2200px) 100vw, (min-width: 640px) 1170px, \" \/><\/a><\/div><\/div><div class=\"clearfix\"><\/div><\/div><\/div><\/div><\/div><\/div><\/div><\/p>\n","protected":false},"excerpt":{"rendered":"","protected":false},"author":1,"featured_media":0,"parent":1214,"menu_order":0,"comment_status":"closed","ping_status":"closed","template":"","meta":{"_acf_changed":false,"inline_featured_image":false,"footnotes":""},"class_list":["post-4652","page","type-page","status-publish","hentry"],"acf":[],"yoast_head":"<!-- This site is optimized with the Yoast SEO plugin v27.2 - https:\/\/yoast.com\/product\/yoast-seo-wordpress\/ -->\n<title>Notre expertise pour combiner esth\u00e9tique et photovolta\u00efque<\/title>\n<meta name=\"description\" content=\"Notre expertise in\u00e9gal\u00e9e nous permet de rendre le photovolta\u00efque invisible ou de le mettre en sc\u00e8ne selon vos ambitions architecturales\" \/>\n<meta name=\"robots\" content=\"index, follow, max-snippet:-1, max-image-preview:large, max-video-preview:-1\" \/>\n<link rel=\"canonical\" href=\"https:\/\/www.ertex-solar.at\/fr\/a-propos\/notre-savoir-faire\/\" \/>\n<meta property=\"og:locale\" content=\"fr_FR\" \/>\n<meta property=\"og:type\" content=\"article\" \/>\n<meta property=\"og:title\" content=\"Notre expertise pour combiner esth\u00e9tique et photovolta\u00efque\" \/>\n<meta property=\"og:description\" content=\"Notre expertise in\u00e9gal\u00e9e nous permet de rendre le photovolta\u00efque invisible ou de le mettre en sc\u00e8ne selon vos ambitions architecturales\" \/>\n<meta property=\"og:url\" content=\"https:\/\/www.ertex-solar.at\/fr\/a-propos\/notre-savoir-faire\/\" \/>\n<meta property=\"og:site_name\" content=\"Ertexsolar\" \/>\n<meta property=\"article:publisher\" content=\"https:\/\/www.facebook.com\/ertex.solartechnik\" \/>\n<meta property=\"article:modified_time\" content=\"2022-05-18T08:56:14+00:00\" \/>\n<meta property=\"og:image\" content=\"https:\/\/www.ertex-solar.at\/wp-content\/uploads\/sites\/4\/2021\/01\/transparent-1.png\" \/>\n<meta name=\"twitter:card\" content=\"summary_large_image\" \/>\n<meta name=\"twitter:site\" content=\"@ertexsolar_bipv\" \/>\n<script type=\"application\/ld+json\" class=\"yoast-schema-graph\">{\"@context\":\"https:\/\/schema.org\",\"@graph\":[{\"@type\":\"WebPage\",\"@id\":\"https:\/\/www.ertex-solar.at\/fr\/a-propos\/notre-savoir-faire\/\",\"url\":\"https:\/\/www.ertex-solar.at\/fr\/a-propos\/notre-savoir-faire\/\",\"name\":\"Notre expertise pour combiner esth\u00e9tique et photovolta\u00efque\",\"isPartOf\":{\"@id\":\"https:\/\/www.ertex-solar.at\/fr\/#website\"},\"primaryImageOfPage\":{\"@id\":\"https:\/\/www.ertex-solar.at\/fr\/a-propos\/notre-savoir-faire\/#primaryimage\"},\"image\":{\"@id\":\"https:\/\/www.ertex-solar.at\/fr\/a-propos\/notre-savoir-faire\/#primaryimage\"},\"thumbnailUrl\":\"https:\/\/www.ertex-solar.at\/wp-content\/uploads\/sites\/4\/2021\/01\/transparent-1.png\",\"datePublished\":\"2021-01-07T09:59:12+00:00\",\"dateModified\":\"2022-05-18T08:56:14+00:00\",\"description\":\"Notre expertise in\u00e9gal\u00e9e nous permet de rendre le photovolta\u00efque invisible ou de le mettre en sc\u00e8ne selon vos ambitions architecturales\",\"breadcrumb\":{\"@id\":\"https:\/\/www.ertex-solar.at\/fr\/a-propos\/notre-savoir-faire\/#breadcrumb\"},\"inLanguage\":\"fr-FR\",\"potentialAction\":[{\"@type\":\"ReadAction\",\"target\":[\"https:\/\/www.ertex-solar.at\/fr\/a-propos\/notre-savoir-faire\/\"]}]},{\"@type\":\"ImageObject\",\"inLanguage\":\"fr-FR\",\"@id\":\"https:\/\/www.ertex-solar.at\/fr\/a-propos\/notre-savoir-faire\/#primaryimage\",\"url\":\"https:\/\/www.ertex-solar.at\/wp-content\/uploads\/sites\/4\/2021\/01\/transparent-1.png\",\"contentUrl\":\"https:\/\/www.ertex-solar.at\/wp-content\/uploads\/sites\/4\/2021\/01\/transparent-1.png\"},{\"@type\":\"BreadcrumbList\",\"@id\":\"https:\/\/www.ertex-solar.at\/fr\/a-propos\/notre-savoir-faire\/#breadcrumb\",\"itemListElement\":[{\"@type\":\"ListItem\",\"position\":1,\"name\":\"Accueil\",\"item\":\"https:\/\/www.ertex-solar.at\/fr\/\"},{\"@type\":\"ListItem\",\"position\":2,\"name\":\"\u00c0 propos\",\"item\":\"https:\/\/www.ertex-solar.at\/fr\/a-propos\/\"},{\"@type\":\"ListItem\",\"position\":3,\"name\":\"Savoir-Faire\"}]},{\"@type\":\"WebSite\",\"@id\":\"https:\/\/www.ertex-solar.at\/fr\/#website\",\"url\":\"https:\/\/www.ertex-solar.at\/fr\/\",\"name\":\"Ertexsolar\",\"description\":\"Enveloppe active du batiment, BIPV et vitrage dynamique\",\"publisher\":{\"@id\":\"https:\/\/www.ertex-solar.at\/fr\/#organization\"},\"potentialAction\":[{\"@type\":\"SearchAction\",\"target\":{\"@type\":\"EntryPoint\",\"urlTemplate\":\"https:\/\/www.ertex-solar.at\/fr\/?s={search_term_string}\"},\"query-input\":{\"@type\":\"PropertyValueSpecification\",\"valueRequired\":true,\"valueName\":\"search_term_string\"}}],\"inLanguage\":\"fr-FR\"},{\"@type\":\"Organization\",\"@id\":\"https:\/\/www.ertex-solar.at\/fr\/#organization\",\"name\":\"ERTEX SOLAR\",\"url\":\"https:\/\/www.ertex-solar.at\/fr\/\",\"logo\":{\"@type\":\"ImageObject\",\"inLanguage\":\"fr-FR\",\"@id\":\"https:\/\/www.ertex-solar.at\/fr\/#\/schema\/logo\/image\/\",\"url\":\"https:\/\/www.ertex-solar.at\/wp-content\/uploads\/sites\/4\/2022\/03\/ertex-solar-logo-only-1024x333.png\",\"contentUrl\":\"https:\/\/www.ertex-solar.at\/wp-content\/uploads\/sites\/4\/2022\/03\/ertex-solar-logo-only-1024x333.png\",\"width\":1024,\"height\":333,\"caption\":\"ERTEX SOLAR\"},\"image\":{\"@id\":\"https:\/\/www.ertex-solar.at\/fr\/#\/schema\/logo\/image\/\"},\"sameAs\":[\"https:\/\/www.facebook.com\/ertex.solartechnik\",\"https:\/\/x.com\/ertexsolar_bipv\",\"https:\/\/www.linkedin.com\/company\/ertex-solar\",\"https:\/\/www.instagram.com\/ertex_solar\/\",\"https:\/\/www.youtube.com\/c\/ertex-solar\/videos\"]}]}<\/script>\n<!-- \/ Yoast SEO plugin. -->","yoast_head_json":{"title":"Notre expertise pour combiner esth\u00e9tique et photovolta\u00efque","description":"Notre expertise in\u00e9gal\u00e9e nous permet de rendre le photovolta\u00efque invisible ou de le mettre en sc\u00e8ne selon vos ambitions architecturales","robots":{"index":"index","follow":"follow","max-snippet":"max-snippet:-1","max-image-preview":"max-image-preview:large","max-video-preview":"max-video-preview:-1"},"canonical":"https:\/\/www.ertex-solar.at\/fr\/a-propos\/notre-savoir-faire\/","og_locale":"fr_FR","og_type":"article","og_title":"Notre expertise pour combiner esth\u00e9tique et photovolta\u00efque","og_description":"Notre expertise in\u00e9gal\u00e9e nous permet de rendre le photovolta\u00efque invisible ou de le mettre en sc\u00e8ne selon vos ambitions architecturales","og_url":"https:\/\/www.ertex-solar.at\/fr\/a-propos\/notre-savoir-faire\/","og_site_name":"Ertexsolar","article_publisher":"https:\/\/www.facebook.com\/ertex.solartechnik","article_modified_time":"2022-05-18T08:56:14+00:00","og_image":[{"url":"https:\/\/www.ertex-solar.at\/wp-content\/uploads\/sites\/4\/2021\/01\/transparent-1.png","type":"","width":"","height":""}],"twitter_card":"summary_large_image","twitter_site":"@ertexsolar_bipv","schema":{"@context":"https:\/\/schema.org","@graph":[{"@type":"WebPage","@id":"https:\/\/www.ertex-solar.at\/fr\/a-propos\/notre-savoir-faire\/","url":"https:\/\/www.ertex-solar.at\/fr\/a-propos\/notre-savoir-faire\/","name":"Notre expertise pour combiner esth\u00e9tique et photovolta\u00efque","isPartOf":{"@id":"https:\/\/www.ertex-solar.at\/fr\/#website"},"primaryImageOfPage":{"@id":"https:\/\/www.ertex-solar.at\/fr\/a-propos\/notre-savoir-faire\/#primaryimage"},"image":{"@id":"https:\/\/www.ertex-solar.at\/fr\/a-propos\/notre-savoir-faire\/#primaryimage"},"thumbnailUrl":"https:\/\/www.ertex-solar.at\/wp-content\/uploads\/sites\/4\/2021\/01\/transparent-1.png","datePublished":"2021-01-07T09:59:12+00:00","dateModified":"2022-05-18T08:56:14+00:00","description":"Notre expertise in\u00e9gal\u00e9e nous permet de rendre le photovolta\u00efque invisible ou de le mettre en sc\u00e8ne selon vos ambitions architecturales","breadcrumb":{"@id":"https:\/\/www.ertex-solar.at\/fr\/a-propos\/notre-savoir-faire\/#breadcrumb"},"inLanguage":"fr-FR","potentialAction":[{"@type":"ReadAction","target":["https:\/\/www.ertex-solar.at\/fr\/a-propos\/notre-savoir-faire\/"]}]},{"@type":"ImageObject","inLanguage":"fr-FR","@id":"https:\/\/www.ertex-solar.at\/fr\/a-propos\/notre-savoir-faire\/#primaryimage","url":"https:\/\/www.ertex-solar.at\/wp-content\/uploads\/sites\/4\/2021\/01\/transparent-1.png","contentUrl":"https:\/\/www.ertex-solar.at\/wp-content\/uploads\/sites\/4\/2021\/01\/transparent-1.png"},{"@type":"BreadcrumbList","@id":"https:\/\/www.ertex-solar.at\/fr\/a-propos\/notre-savoir-faire\/#breadcrumb","itemListElement":[{"@type":"ListItem","position":1,"name":"Accueil","item":"https:\/\/www.ertex-solar.at\/fr\/"},{"@type":"ListItem","position":2,"name":"\u00c0 propos","item":"https:\/\/www.ertex-solar.at\/fr\/a-propos\/"},{"@type":"ListItem","position":3,"name":"Savoir-Faire"}]},{"@type":"WebSite","@id":"https:\/\/www.ertex-solar.at\/fr\/#website","url":"https:\/\/www.ertex-solar.at\/fr\/","name":"Ertexsolar","description":"Enveloppe active du batiment, BIPV et vitrage dynamique","publisher":{"@id":"https:\/\/www.ertex-solar.at\/fr\/#organization"},"potentialAction":[{"@type":"SearchAction","target":{"@type":"EntryPoint","urlTemplate":"https:\/\/www.ertex-solar.at\/fr\/?s={search_term_string}"},"query-input":{"@type":"PropertyValueSpecification","valueRequired":true,"valueName":"search_term_string"}}],"inLanguage":"fr-FR"},{"@type":"Organization","@id":"https:\/\/www.ertex-solar.at\/fr\/#organization","name":"ERTEX SOLAR","url":"https:\/\/www.ertex-solar.at\/fr\/","logo":{"@type":"ImageObject","inLanguage":"fr-FR","@id":"https:\/\/www.ertex-solar.at\/fr\/#\/schema\/logo\/image\/","url":"https:\/\/www.ertex-solar.at\/wp-content\/uploads\/sites\/4\/2022\/03\/ertex-solar-logo-only-1024x333.png","contentUrl":"https:\/\/www.ertex-solar.at\/wp-content\/uploads\/sites\/4\/2022\/03\/ertex-solar-logo-only-1024x333.png","width":1024,"height":333,"caption":"ERTEX SOLAR"},"image":{"@id":"https:\/\/www.ertex-solar.at\/fr\/#\/schema\/logo\/image\/"},"sameAs":["https:\/\/www.facebook.com\/ertex.solartechnik","https:\/\/x.com\/ertexsolar_bipv","https:\/\/www.linkedin.com\/company\/ertex-solar","https:\/\/www.instagram.com\/ertex_solar\/","https:\/\/www.youtube.com\/c\/ertex-solar\/videos"]}]}},"_links":{"self":[{"href":"https:\/\/www.ertex-solar.at\/fr\/wp-json\/wp\/v2\/pages\/4652","targetHints":{"allow":["GET"]}}],"collection":[{"href":"https:\/\/www.ertex-solar.at\/fr\/wp-json\/wp\/v2\/pages"}],"about":[{"href":"https:\/\/www.ertex-solar.at\/fr\/wp-json\/wp\/v2\/types\/page"}],"author":[{"embeddable":true,"href":"https:\/\/www.ertex-solar.at\/fr\/wp-json\/wp\/v2\/users\/1"}],"replies":[{"embeddable":true,"href":"https:\/\/www.ertex-solar.at\/fr\/wp-json\/wp\/v2\/comments?post=4652"}],"version-history":[{"count":0,"href":"https:\/\/www.ertex-solar.at\/fr\/wp-json\/wp\/v2\/pages\/4652\/revisions"}],"up":[{"embeddable":true,"href":"https:\/\/www.ertex-solar.at\/fr\/wp-json\/wp\/v2\/pages\/1214"}],"wp:attachment":[{"href":"https:\/\/www.ertex-solar.at\/fr\/wp-json\/wp\/v2\/media?parent=4652"}],"curies":[{"name":"wp","href":"https:\/\/api.w.org\/{rel}","templated":true}]}}